{"id":291,"date":"2018-11-19T21:20:16","date_gmt":"2018-11-19T20:20:16","guid":{"rendered":"http:\/\/tanial.art\/?page_id=291"},"modified":"2025-05-08T19:08:36","modified_gmt":"2025-05-08T17:08:36","slug":"press","status":"publish","type":"page","link":"https:\/\/tanial.art\/?page_id=291","title":{"rendered":"Press"},"content":{"rendered":"\n<figure class=\"wp-block-image size-large\"><img loading=\"lazy\" width=\"597\" height=\"1024\" src=\"https:\/\/tanial.art\/wp-content\/uploads\/2024\/06\/exposition-Roche-Posay-2024-597x1024.jpg\" alt=\"exposition de Tania Luchinkina  \u00e0 la Roche  Posay\" class=\"wp-image-2425\" srcset=\"https:\/\/tanial.art\/wp-content\/uploads\/2024\/06\/exposition-Roche-Posay-2024-597x1024.jpg 597w, https:\/\/tanial.art\/wp-content\/uploads\/2024\/06\/exposition-Roche-Posay-2024-175x300.jpg 175w, https:\/\/tanial.art\/wp-content\/uploads\/2024\/06\/exposition-Roche-Posay-2024-768x1317.jpg 768w, https:\/\/tanial.art\/wp-content\/uploads\/2024\/06\/exposition-Roche-Posay-2024-896x1536.jpg 896w, https:\/\/tanial.art\/wp-content\/uploads\/2024\/06\/exposition-Roche-Posay-2024.jpg 933w\" sizes=\"(max-width: 597px) 100vw, 597px\" \/><\/figure>\n\n\n\n<figure class=\"wp-block-image size-large\"><img loading=\"lazy\" width=\"1024\" height=\"504\" src=\"https:\/\/tanial.art\/wp-content\/uploads\/2024\/05\/articles_presse-sur-lexposition-Chatellerault-1024x504.png\" alt=\"exposition de Tania Luchinkina  \u00e0 Chatellerault\" class=\"wp-image-2419\" srcset=\"https:\/\/tanial.art\/wp-content\/uploads\/2024\/05\/articles_presse-sur-lexposition-Chatellerault-1024x504.png 1024w, https:\/\/tanial.art\/wp-content\/uploads\/2024\/05\/articles_presse-sur-lexposition-Chatellerault-300x148.png 300w, https:\/\/tanial.art\/wp-content\/uploads\/2024\/05\/articles_presse-sur-lexposition-Chatellerault-768x378.png 768w, https:\/\/tanial.art\/wp-content\/uploads\/2024\/05\/articles_presse-sur-lexposition-Chatellerault-1536x756.png 1536w, https:\/\/tanial.art\/wp-content\/uploads\/2024\/05\/articles_presse-sur-lexposition-Chatellerault-2048x1008.png 2048w\" sizes=\"(max-width: 1024px) 100vw, 1024px\" \/><\/figure>\n\n\n<p><strong><img loading=\"lazy\" class=\"alignnone size-full wp-image-2344\" src=\"https:\/\/tanial.art\/wp-content\/uploads\/2022\/09\/expo_compiegne_tania_luchinkina.jpg\" alt=\"\" width=\"2048\" height=\"2023\" srcset=\"https:\/\/tanial.art\/wp-content\/uploads\/2022\/09\/expo_compiegne_tania_luchinkina.jpg 2048w, https:\/\/tanial.art\/wp-content\/uploads\/2022\/09\/expo_compiegne_tania_luchinkina-300x296.jpg 300w, https:\/\/tanial.art\/wp-content\/uploads\/2022\/09\/expo_compiegne_tania_luchinkina-1024x1012.jpg 1024w, https:\/\/tanial.art\/wp-content\/uploads\/2022\/09\/expo_compiegne_tania_luchinkina-768x759.jpg 768w, https:\/\/tanial.art\/wp-content\/uploads\/2022\/09\/expo_compiegne_tania_luchinkina-1536x1517.jpg 1536w\" sizes=\"(max-width: 2048px) 100vw, 2048px\" \/><\/strong><\/p>\n<p><img loading=\"lazy\" class=\"alignnone size-full wp-image-2108\" src=\"https:\/\/tanial.art\/wp-content\/uploads\/2021\/09\/blanc-1.jpg\" alt=\"\" width=\"25\" height=\"55\" \/><\/p>\n<h3><strong>Article dans une NOUVELLE REPUBLIQUE<\/strong><\/h3>\n<p><a href=\"_wp_link_placeholder\" data-wplink-edit=\"true\">https:\/\/www.lanouvellerepublique.fr\/chatellerault\/chatellerault-sous-son-pinceau-les-personnages-du-passe-reprennent-vie\u00a0<\/a><\/p>\n<p><img loading=\"lazy\" class=\"alignnone size-full wp-image-2394\" src=\"https:\/\/tanial.art\/wp-content\/uploads\/2022\/10\/Capture.jpg\" alt=\"\" width=\"858\" height=\"779\" srcset=\"https:\/\/tanial.art\/wp-content\/uploads\/2022\/10\/Capture.jpg 858w, https:\/\/tanial.art\/wp-content\/uploads\/2022\/10\/Capture-300x272.jpg 300w, https:\/\/tanial.art\/wp-content\/uploads\/2022\/10\/Capture-768x697.jpg 768w\" sizes=\"(max-width: 858px) 100vw, 858px\" \/><\/p>\n<h3><img loading=\"lazy\" class=\"alignnone size-full wp-image-2108\" src=\"https:\/\/tanial.art\/wp-content\/uploads\/2021\/09\/blanc-1.jpg\" alt=\"\" width=\"25\" height=\"55\" \/><\/h3>\n<h3><strong>Interview de l&rsquo;Espace Beaujon<\/strong><\/h3>\n<p>Tania Luchinkina&rsquo;s interview\u00a0 <a href=\"http:\/\/www.ebeaujon.org\/expositions\/l-interview-du-mois_265.html\">http:\/\/www.ebeaujon.org\/expositions\/l-interview-du-mois_265.html<\/a><\/p>\n<p><strong>Du 4 au 22 novembre, Tania Luchinkina expose \u00e0 l\u2019Espace Beaujon ses oeuvres tout en volumes. A travers celles-ci, elle imagine la vie priv\u00e9e des personnages de grands peintres tels que L\u00e9onard de Vinci, Lucas Cranach ou encore Johannes Vermeer. Rencontre&#8230;<\/strong><\/p>\n<p><strong>1. Pourriez-vous me r\u00e9sumer votre parcours ?<\/strong><\/p>\n<p>J\u2019ai suivi une formation d\u2019architecte en b\u00e2timent \u00e0 l\u2019Acad\u00e9mie des Beaux-Arts de Kiev car je voulais marier mes go\u00fbts pour la physique et pour le dessin, puis j\u2019ai r\u00e9alis\u00e9 qu\u2019\u00eatre architecte signifie plus souvent ex\u00e9cuter que cr\u00e9er. C\u2019est donc pour renouer avec la cr\u00e9ation que j\u2019ai entrepris 4 ans d\u2019\u00e9tudes en parall\u00e8le \u00e0 l\u2019\u00c9cole Polygraphique pour devenir illustratrice pour enfants. En tant qu\u2019architectes, nous sommes form\u00e9-e-s \u00e0 \u00eatre \u00e0 la fois ing\u00e9nieur-e-s et artistes, et c\u2019est pourquoi j\u2019ai eu la chance d\u2019avoir une tr\u00e8s bonne base classique en dessin et en peinture.<\/p>\n<p><strong>2. Pourquoi \u00eatre venue en France ?<\/strong><\/p>\n<p>Tout d\u2019abord parce que la France, pour moi et pour le monde entier, repr\u00e9sente un centre culturel fascinant. De plus, j\u2019ai \u00e9t\u00e9 motiv\u00e9e par l\u2019abondance de liens culturels entre la France et l\u2019Ukraine, et c\u2019est pourquoi je m\u2019y sens vraiment \u00e0 ma place. Je m\u2019y suis install\u00e9e dans les ann\u00e9es 2000. J\u2019ai commenc\u00e9 \u00e0 travailler en tant que graphiste, j\u2019ai r\u00e9alis\u00e9 des vid\u00e9os publicitaires pour des marques comme Fiat ou Garnier, dont certaines ont \u00e9t\u00e9 prim\u00e9es. Puis je suis partie en Provence, et \u00e7a a \u00e9t\u00e9 une autre \u00e9tape, car je pense que la vie doit conna\u00eetre certains changements, et je me suis mise \u00e0 la peinture.<\/p>\n<p><strong>3. Pourquoi avoir choisi de revisiter des \u0153uvres classiques ?<\/strong><\/p>\n<p>Selon moi, l\u2019art qui n\u2019est pas conceptuel n\u2019est pas int\u00e9ressant. C\u2019est pour cela que je suis partie de la peinture classique, \u00e0 partir de laquelle je m\u2019entra\u00eenais \u00e0 la technique, pour y ajouter diff\u00e9rentes couches de sens, un concept.<br \/>Mon travail se concentre sur les personnes qui ont v\u00e9cu dans le pass\u00e9, et dont il ne reste que des portraits, parfois anonymes. C\u2019est un th\u00e8me fascinant, vertigineux, de penser \u00e0 tous ces gens qui ont exist\u00e9 et n\u2019existent plus. \u00c0 partir des quelques t\u00e9moignages de leur pr\u00e9sence, je con\u00e7ois mon \u0153uvre de mani\u00e8re \u00e0 explorer les diff\u00e9rentes \u00ab ruelles \u00bb de leurs existences possibles.<\/p>\n<p><strong>4. Quel est le fil rouge de votre exposition ?<\/strong><\/p>\n<p>Comme je l\u2019ai dit, mon th\u00e8me principal est la vie des gens du pass\u00e9. J\u2019essaie d\u2019imaginer la vie priv\u00e9e et fictive de ces anonymes dont il ne reste qu\u2019un portrait, comme dans mon tableau intitul\u00e9\u00a0<em>La vie priv\u00e9e de Mona Lisa<\/em>. On a l\u2019habitude de voir son portrait, tout le monde le conna\u00eet, mais personne ne sait ce qu\u2019elle \u00e9tait dans la vie priv\u00e9e, si elle avait un mari, une famille, des enfants\u2026 Dans ce tableau, elle est donc repr\u00e9sent\u00e9e \u00e0 table avec son mari fictif, un fameux portrait de musicien peint par L\u00e9onard de Vinci.<\/p>\n<p><strong>5. Comment choisissez-vous les \u0153uvres que vous revisitez ?<\/strong><\/p>\n<p>Cela d\u00e9pend de la d\u00e9cision conceptuelle. Je pense \u00e0 un concept, \u00e0 un th\u00e8me, et le visuel vient tout seul s\u2019additionner et illustrer ce concept. Par exemple,\u00a0<em>le Suicide de Lucr\u00e8ce<\/em>, illustre \u00e0 lui seul la torture, la souffrance d\u2019une personne en train de se suicider : la forme du tableau en elle-m\u00eame exprime cette sensation de souffrance. Je trouve les \u0153uvres sur internet car je connais tr\u00e8s bien l\u2019histoire de l\u2019art et des peintres anciens, et l\u2019\u0153uvre me vient donc assez naturellement lorsque je pense \u00e0 un concept.<\/p>\n<p><strong>6. Pourriez-vous d\u00e9crire votre processus de cr\u00e9ation ?<\/strong><\/p>\n<p>Une fois l\u2019\u0153uvre choisie, je commence par r\u00e9fl\u00e9chir de A \u00e0 Z \u00e0 mon visuel, puis je le dessine, et seulement quand c\u2019est pr\u00eat, j\u2019entame la cr\u00e9ation. Celle-ci est donc une copie exacte de mon dessin. Le probl\u00e8me, c\u2019est que quand on fait de la peinture, on peut corriger, mais quand on fait une \u0153uvre compl\u00e8te en volume on ne peut pas. Il faut que ce soit d\u00e9j\u00e0 bien pens\u00e9 en avance. Il faut ensuite trouver les mat\u00e9riaux et les formes qui correspondent plastiquement \u00e0 ce que je veux r\u00e9aliser. Ce sont mes recherches personnelles qui me m\u00e8nent \u00e0 une d\u00e9cision, car l\u2019art contemporain, c\u2019est \u00e9norm\u00e9ment de recherches personnelles. Aujourd\u2019hui, on invente directement les diff\u00e9rentes techniques pour exprimer ce qu\u2019on souhaite.<\/p>\n<p><strong>7. Comment envisagez-vous l\u2019avenir ?<\/strong><\/p>\n<p>Avant, je travaillais \u00e0 c\u00f4t\u00e9 en tant que graphiste, mais je voudrais aujourd\u2019hui me lancer \u00e0 plein temps dans la peinture. En novembre 2018, j\u2019ai particip\u00e9 au concours \u00ab Le Grand Nu \u00bb, ce qui a repr\u00e9sent\u00e9 ma premi\u00e8re d\u00e9marche dans le monde de l\u2019art. J\u2019ai eu la chance d\u2019\u00eatre finaliste dans ce concours, je ne peux pas dire que \u00e7a a \u00e9t\u00e9 un \u00e9norme d\u00e9clic dans ma carri\u00e8re mais j\u2019ai vu qu\u2019il y avait un grand respect envers mon travail. C\u2019est l\u00e0 que j\u2019ai commenc\u00e9 \u00e0 comprendre que je pouvais en faire quelque chose. Apr\u00e8s \u00e7a, j\u2019ai postul\u00e9 pour l\u2019exposition au Carrousel du Louvre et ils m\u2019ont accept\u00e9e. Depuis, comme je n\u2019ai pas fait mes \u00e9tudes d\u2019art en France j\u2019ai du mal \u00e0 savoir o\u00f9 aller pour qu\u2019on voie ce que je fais, mais j\u2019ai l\u2019intention de continuer dans cette voie.<\/p>\n<p><strong>8. Avez-vous l\u2019intention de continuer sur ce th\u00e8me-l\u00e0\u00a0 ?<\/strong><\/p>\n<p>Je pense continuer encore pour un moment. Je poursuis le th\u00e8me des anonymes, de leur vie priv\u00e9e. J\u2019ai plusieurs \u0153uvres en cours en permanence, je travaille toujours sur plusieurs \u0153uvres parce que les couches ont besoin de s\u00e9cher. Aujourd\u2019hui, je suis sur 5 \u0153uvres en m\u00eame temps, toutes plus ou moins finies, toutes dans la m\u00eame veine.<img loading=\"lazy\" class=\"alignnone wp-image-1277 size-large\" src=\"https:\/\/tanial.art\/wp-content\/uploads\/2019\/12\/interview_Espace-Beaujon-1024x554.jpg\" alt=\"Interview Tania Luchinkina 2019\" width=\"840\" height=\"454\" srcset=\"https:\/\/tanial.art\/wp-content\/uploads\/2019\/12\/interview_Espace-Beaujon-1024x554.jpg 1024w, https:\/\/tanial.art\/wp-content\/uploads\/2019\/12\/interview_Espace-Beaujon-300x162.jpg 300w, https:\/\/tanial.art\/wp-content\/uploads\/2019\/12\/interview_Espace-Beaujon-768x415.jpg 768w, https:\/\/tanial.art\/wp-content\/uploads\/2019\/12\/interview_Espace-Beaujon-1200x649.jpg 1200w, https:\/\/tanial.art\/wp-content\/uploads\/2019\/12\/interview_Espace-Beaujon.jpg 1361w\" sizes=\"(max-width: 840px) 100vw, 840px\" \/><\/p>","protected":false},"excerpt":{"rendered":"<p>Article dans une NOUVELLE REPUBLIQUE https:\/\/www.lanouvellerepublique.fr\/chatellerault\/chatellerault-sous-son-pinceau-les-personnages-du-passe-reprennent-vie\u00a0 Interview de l&rsquo;Espace Beaujon Tania Luchinkina&rsquo;s interview\u00a0 http:\/\/www.ebeaujon.org\/expositions\/l-interview-du-mois_265.html Du 4 au 22 novembre, Tania Luchinkina expose \u00e0 l\u2019Espace Beaujon ses oeuvres tout en volumes. A travers celles-ci, elle imagine la vie priv\u00e9e des personnages de grands peintres tels que L\u00e9onard de Vinci, Lucas Cranach ou encore Johannes Vermeer. Rencontre&#8230; [&hellip;]<\/p>\n","protected":false},"author":1,"featured_media":0,"parent":0,"menu_order":0,"comment_status":"closed","ping_status":"closed","template":"","meta":[],"yoast_head":"<!-- This site is optimized with the Yoast SEO plugin v19.4 - https:\/\/yoast.com\/wordpress\/plugins\/seo\/ -->\n<title>Press -<\/title>\n<meta name=\"robots\" content=\"index, follow, max-snippet:-1, max-image-preview:large, max-video-preview:-1\" \/>\n<link rel=\"canonical\" href=\"https:\/\/tanial.art\/?page_id=291\" \/>\n<meta property=\"og:locale\" content=\"fr_FR\" \/>\n<meta property=\"og:type\" content=\"article\" \/>\n<meta property=\"og:title\" content=\"Press -\" \/>\n<meta property=\"og:description\" content=\"Article dans une NOUVELLE REPUBLIQUE https:\/\/www.lanouvellerepublique.fr\/chatellerault\/chatellerault-sous-son-pinceau-les-personnages-du-passe-reprennent-vie\u00a0 Interview de l&rsquo;Espace Beaujon Tania Luchinkina&rsquo;s interview\u00a0 http:\/\/www.ebeaujon.org\/expositions\/l-interview-du-mois_265.html Du 4 au 22 novembre, Tania Luchinkina expose \u00e0 l\u2019Espace Beaujon ses oeuvres tout en volumes. A travers celles-ci, elle imagine la vie priv\u00e9e des personnages de grands peintres tels que L\u00e9onard de Vinci, Lucas Cranach ou encore Johannes Vermeer. Rencontre&#8230; [&hellip;]\" \/>\n<meta property=\"og:url\" content=\"https:\/\/tanial.art\/?page_id=291\" \/>\n<meta property=\"article:modified_time\" content=\"2025-05-08T17:08:36+00:00\" \/>\n<meta property=\"og:image\" content=\"https:\/\/tanial.art\/wp-content\/uploads\/2024\/06\/exposition-Roche-Posay-2024-597x1024.jpg\" \/>\n<meta name=\"twitter:card\" content=\"summary_large_image\" \/>\n<meta name=\"twitter:label1\" content=\"Dur\u00e9e de lecture estim\u00e9e\" \/>\n\t<meta name=\"twitter:data1\" content=\"7 minutes\" \/>\n<script type=\"application\/ld+json\" class=\"yoast-schema-graph\">{\"@context\":\"https:\/\/schema.org\",\"@graph\":[{\"@type\":\"WebSite\",\"@id\":\"https:\/\/tanial.art\/#website\",\"url\":\"https:\/\/tanial.art\/\",\"name\":\"\",\"description\":\"\",\"potentialAction\":[{\"@type\":\"SearchAction\",\"target\":{\"@type\":\"EntryPoint\",\"urlTemplate\":\"https:\/\/tanial.art\/?s={search_term_string}\"},\"query-input\":\"required name=search_term_string\"}],\"inLanguage\":\"fr-FR\"},{\"@type\":\"WebPage\",\"@id\":\"https:\/\/tanial.art\/?page_id=291\",\"url\":\"https:\/\/tanial.art\/?page_id=291\",\"name\":\"Press -\",\"isPartOf\":{\"@id\":\"https:\/\/tanial.art\/#website\"},\"datePublished\":\"2018-11-19T20:20:16+00:00\",\"dateModified\":\"2025-05-08T17:08:36+00:00\",\"breadcrumb\":{\"@id\":\"https:\/\/tanial.art\/?page_id=291#breadcrumb\"},\"inLanguage\":\"fr-FR\",\"potentialAction\":[{\"@type\":\"ReadAction\",\"target\":[\"https:\/\/tanial.art\/?page_id=291\"]}]},{\"@type\":\"BreadcrumbList\",\"@id\":\"https:\/\/tanial.art\/?page_id=291#breadcrumb\",\"itemListElement\":[{\"@type\":\"ListItem\",\"position\":1,\"name\":\"Accueil\",\"item\":\"https:\/\/tanial.art\/\"},{\"@type\":\"ListItem\",\"position\":2,\"name\":\"Press\"}]}]}<\/script>\n<!-- \/ Yoast SEO plugin. -->","yoast_head_json":{"title":"Press -","robots":{"index":"index","follow":"follow","max-snippet":"max-snippet:-1","max-image-preview":"max-image-preview:large","max-video-preview":"max-video-preview:-1"},"canonical":"https:\/\/tanial.art\/?page_id=291","og_locale":"fr_FR","og_type":"article","og_title":"Press -","og_description":"Article dans une NOUVELLE REPUBLIQUE https:\/\/www.lanouvellerepublique.fr\/chatellerault\/chatellerault-sous-son-pinceau-les-personnages-du-passe-reprennent-vie\u00a0 Interview de l&rsquo;Espace Beaujon Tania Luchinkina&rsquo;s interview\u00a0 http:\/\/www.ebeaujon.org\/expositions\/l-interview-du-mois_265.html Du 4 au 22 novembre, Tania Luchinkina expose \u00e0 l\u2019Espace Beaujon ses oeuvres tout en volumes. A travers celles-ci, elle imagine la vie priv\u00e9e des personnages de grands peintres tels que L\u00e9onard de Vinci, Lucas Cranach ou encore Johannes Vermeer. Rencontre&#8230; [&hellip;]","og_url":"https:\/\/tanial.art\/?page_id=291","article_modified_time":"2025-05-08T17:08:36+00:00","og_image":[{"url":"https:\/\/tanial.art\/wp-content\/uploads\/2024\/06\/exposition-Roche-Posay-2024-597x1024.jpg"}],"twitter_card":"summary_large_image","twitter_misc":{"Dur\u00e9e de lecture estim\u00e9e":"7 minutes"},"schema":{"@context":"https:\/\/schema.org","@graph":[{"@type":"WebSite","@id":"https:\/\/tanial.art\/#website","url":"https:\/\/tanial.art\/","name":"","description":"","potentialAction":[{"@type":"SearchAction","target":{"@type":"EntryPoint","urlTemplate":"https:\/\/tanial.art\/?s={search_term_string}"},"query-input":"required name=search_term_string"}],"inLanguage":"fr-FR"},{"@type":"WebPage","@id":"https:\/\/tanial.art\/?page_id=291","url":"https:\/\/tanial.art\/?page_id=291","name":"Press -","isPartOf":{"@id":"https:\/\/tanial.art\/#website"},"datePublished":"2018-11-19T20:20:16+00:00","dateModified":"2025-05-08T17:08:36+00:00","breadcrumb":{"@id":"https:\/\/tanial.art\/?page_id=291#breadcrumb"},"inLanguage":"fr-FR","potentialAction":[{"@type":"ReadAction","target":["https:\/\/tanial.art\/?page_id=291"]}]},{"@type":"BreadcrumbList","@id":"https:\/\/tanial.art\/?page_id=291#breadcrumb","itemListElement":[{"@type":"ListItem","position":1,"name":"Accueil","item":"https:\/\/tanial.art\/"},{"@type":"ListItem","position":2,"name":"Press"}]}]}},"_links":{"self":[{"href":"https:\/\/tanial.art\/index.php?rest_route=\/wp\/v2\/pages\/291"}],"collection":[{"href":"https:\/\/tanial.art\/index.php?rest_route=\/wp\/v2\/pages"}],"about":[{"href":"https:\/\/tanial.art\/index.php?rest_route=\/wp\/v2\/types\/page"}],"author":[{"embeddable":true,"href":"https:\/\/tanial.art\/index.php?rest_route=\/wp\/v2\/users\/1"}],"replies":[{"embeddable":true,"href":"https:\/\/tanial.art\/index.php?rest_route=%2Fwp%2Fv2%2Fcomments&post=291"}],"version-history":[{"count":28,"href":"https:\/\/tanial.art\/index.php?rest_route=\/wp\/v2\/pages\/291\/revisions"}],"predecessor-version":[{"id":2737,"href":"https:\/\/tanial.art\/index.php?rest_route=\/wp\/v2\/pages\/291\/revisions\/2737"}],"wp:attachment":[{"href":"https:\/\/tanial.art\/index.php?rest_route=%2Fwp%2Fv2%2Fmedia&parent=291"}],"curies":[{"name":"wp","href":"https:\/\/api.w.org\/{rel}","templated":true}]}}