{"id":2578,"date":"2025-05-04T22:03:07","date_gmt":"2025-05-04T20:03:07","guid":{"rendered":"https:\/\/tanial.art\/?page_id=2578"},"modified":"2025-05-06T16:13:56","modified_gmt":"2025-05-06T14:13:56","slug":"projet-nos-ancetres-universels","status":"publish","type":"page","link":"https:\/\/tanial.art\/?page_id=2578","title":{"rendered":"PROJET : NOS ANC\u00caTRES UNIVERSELS"},"content":{"rendered":"\n<p class=\"has-black-color has-text-color\">Ce projet s&rsquo;attache \u00e0 sonder les strates profondes de l&rsquo;h\u00e9ritage universel de l&rsquo;humanit\u00e9, en interrogeant les m\u00e9moires collectives, les r\u00e9cits oubli\u00e9s et les silences transmis d&rsquo;une g\u00e9n\u00e9ration \u00e0 l&rsquo;autre. \u00c0 travers des \u0153uvres o\u00f9 les cadres, les toiles, les surfaces sont volontairement d\u00e9form\u00e9es, d\u00e9chir\u00e9es ou \u00ab tortur\u00e9es \u00bb, c&rsquo;est une m\u00e9moire en tension qui se manifeste \u2014 une m\u00e9moire faite de luttes, de pertes, de migrations, mais aussi de r\u00e9sistances et de renaissances.<\/p>\n\n\n\n<p class=\"has-black-color has-text-color\">Chaque pi\u00e8ce devient un fragment d&rsquo;histoire, une trace sensible arrach\u00e9e au silence du temps. Les blessures visibles des mat\u00e9riaux \u2014 craquelures, plis, absences \u2014 \u00e9voquent autant de cicatrices laiss\u00e9es par les \u00e9v\u00e9nements, individuels ou collectifs. Elles inscrivent dans la mati\u00e8re m\u00eame des \u0153uvres la m\u00e9moire des conflits, des oublis, mais aussi l&rsquo;\u00e9lan vital d&rsquo;une transmission possible. Cette s\u00e9rie cherche ainsi \u00e0 faire dialoguer le pass\u00e9 avec le pr\u00e9sent, en rendant visibles les r\u00e9sonances invisibles entre nos histoires et celles de celles qui nous ont pr\u00e9c\u00e9d\u00e9es.<\/p>\n\n\n\n<div class=\"wp-block-dgwt-justified-gallery\">\n\t\t<style type=\"text\/css\">\n\t\t\t#gallery-1 {\n\t\t\t\tmargin: auto;\n\t\t\t}\n\t\t\t#gallery-1 .gallery-item {\n\t\t\t\tfloat: left;\n\t\t\t\tmargin-top: 10px;\n\t\t\t\ttext-align: center;\n\t\t\t\twidth: 33%;\n\t\t\t}\n\t\t\t#gallery-1 img {\n\t\t\t\tborder: 2px solid #cfcfcf;\n\t\t\t}\n\t\t\t#gallery-1 .gallery-caption {\n\t\t\t\tmargin-left: 0;\n\t\t\t}\n\t\t\t\/* see gallery_shortcode() in wp-includes\/media.php *\/\n\t\t<\/style>\n\t\t<div id='gallery-1' class='gallery galleryid-2578 gallery-columns-3 gallery-size-thumbnail'><dl class='gallery-item'>\n\t\t\t<dt class='gallery-icon landscape'>\n\t\t\t\t<a href='https:\/\/tanial.art\/?attachment_id=2524'><img width=\"150\" height=\"150\" src=\"https:\/\/tanial.art\/wp-content\/uploads\/2025\/04\/im-01-150x150.jpg\" class=\"attachment-thumbnail size-thumbnail\" alt=\"\" loading=\"lazy\" \/><\/a>\n\t\t\t<\/dt><\/dl><dl class='gallery-item'>\n\t\t\t<dt class='gallery-icon landscape'>\n\t\t\t\t<a href='https:\/\/tanial.art\/?attachment_id=1650'><img width=\"150\" height=\"150\" src=\"https:\/\/tanial.art\/wp-content\/uploads\/2021\/01\/5fe3f4aa40fbaed23f8b47cc-150x150.jpg\" class=\"attachment-thumbnail size-thumbnail\" alt=\"Artiste Tania Luchinkina dans son atelier,\" loading=\"lazy\" \/><\/a>\n\t\t\t<\/dt><\/dl><dl class='gallery-item'>\n\t\t\t<dt class='gallery-icon portrait'>\n\t\t\t\t<a href='https:\/\/tanial.art\/?attachment_id=1572'><img width=\"150\" height=\"150\" src=\"https:\/\/tanial.art\/wp-content\/uploads\/2020\/11\/ancetre-II-1-150x150.jpg\" class=\"attachment-thumbnail size-thumbnail\" alt=\"Tania Luchinkina Anc\u00eatre II\" loading=\"lazy\" \/><\/a>\n\t\t\t<\/dt><\/dl><br style=\"clear: both\" \/><dl class='gallery-item'>\n\t\t\t<dt class='gallery-icon portrait'>\n\t\t\t\t<a href='https:\/\/tanial.art\/?attachment_id=1574'><img width=\"150\" height=\"150\" src=\"https:\/\/tanial.art\/wp-content\/uploads\/2020\/11\/ancetre-II_detail-1-150x150.jpg\" class=\"attachment-thumbnail size-thumbnail\" alt=\"Tania Luchinkina Anc\u00eatre II\" loading=\"lazy\" \/><\/a>\n\t\t\t<\/dt><\/dl><dl class='gallery-item'>\n\t\t\t<dt class='gallery-icon portrait'>\n\t\t\t\t<a href='https:\/\/tanial.art\/?attachment_id=1584'><img width=\"150\" height=\"150\" src=\"https:\/\/tanial.art\/wp-content\/uploads\/2020\/11\/ancetre-IV-1-150x150.jpg\" class=\"attachment-thumbnail size-thumbnail\" alt=\"Tania Luchinkina Ancetre IV\" loading=\"lazy\" \/><\/a>\n\t\t\t<\/dt><\/dl><dl class='gallery-item'>\n\t\t\t<dt class='gallery-icon portrait'>\n\t\t\t\t<a href='https:\/\/tanial.art\/?attachment_id=1586'><img width=\"150\" height=\"150\" src=\"https:\/\/tanial.art\/wp-content\/uploads\/2020\/11\/ancetre-IV_detail-1-150x150.jpg\" class=\"attachment-thumbnail size-thumbnail\" alt=\"Tania Luchinkina Ancetre IV\" loading=\"lazy\" \/><\/a>\n\t\t\t<\/dt><\/dl><br style=\"clear: both\" \/><dl class='gallery-item'>\n\t\t\t<dt class='gallery-icon portrait'>\n\t\t\t\t<a href='https:\/\/tanial.art\/?attachment_id=1576'><img width=\"150\" height=\"150\" src=\"https:\/\/tanial.art\/wp-content\/uploads\/2020\/11\/ancetre-II_detail1-1-150x150.jpg\" class=\"attachment-thumbnail size-thumbnail\" alt=\"Tania Luchinkina Anc\u00eatre II\" loading=\"lazy\" \/><\/a>\n\t\t\t<\/dt><\/dl><dl class='gallery-item'>\n\t\t\t<dt class='gallery-icon portrait'>\n\t\t\t\t<a href='https:\/\/tanial.art\/?attachment_id=1587'><img width=\"150\" height=\"150\" src=\"https:\/\/tanial.art\/wp-content\/uploads\/2020\/11\/ancetre-IV_detail1-1-150x150.jpg\" class=\"attachment-thumbnail size-thumbnail\" alt=\"Tania Luchinkina Ancetre IV\" loading=\"lazy\" \/><\/a>\n\t\t\t<\/dt><\/dl><dl class='gallery-item'>\n\t\t\t<dt class='gallery-icon portrait'>\n\t\t\t\t<a href='https:\/\/tanial.art\/?attachment_id=1598'><img width=\"150\" height=\"150\" src=\"https:\/\/tanial.art\/wp-content\/uploads\/2020\/11\/ancetre1-1-150x150.jpg\" class=\"attachment-thumbnail size-thumbnail\" alt=\"artist Tania Luchinkina, TaniaL Ancetre I\" loading=\"lazy\" \/><\/a>\n\t\t\t<\/dt><\/dl><br style=\"clear: both\" \/><dl class='gallery-item'>\n\t\t\t<dt class='gallery-icon portrait'>\n\t\t\t\t<a href='https:\/\/tanial.art\/?attachment_id=1600'><img width=\"150\" height=\"150\" src=\"https:\/\/tanial.art\/wp-content\/uploads\/2020\/11\/ancetre1_detail-1-150x150.jpg\" class=\"attachment-thumbnail size-thumbnail\" alt=\"artist Tania Luchinkina, TaniaL Ancetre I , detail\" loading=\"lazy\" \/><\/a>\n\t\t\t<\/dt><\/dl><dl class='gallery-item'>\n\t\t\t<dt class='gallery-icon portrait'>\n\t\t\t\t<a href='https:\/\/tanial.art\/?attachment_id=1496'><img width=\"150\" height=\"150\" src=\"https:\/\/tanial.art\/wp-content\/uploads\/2020\/11\/ancetre1_detail1-150x150.jpg\" class=\"attachment-thumbnail size-thumbnail\" alt=\"Tania Luchinkina Ancetre1\" loading=\"lazy\" \/><\/a>\n\t\t\t<\/dt><\/dl><dl class='gallery-item'>\n\t\t\t<dt class='gallery-icon portrait'>\n\t\t\t\t<a href='https:\/\/tanial.art\/?attachment_id=1623'><img width=\"150\" height=\"150\" src=\"https:\/\/tanial.art\/wp-content\/uploads\/2020\/11\/ancetre-VI-150x150.jpg\" class=\"attachment-thumbnail size-thumbnail\" alt=\"Tania Luchinkina , TaniaL; Anc\u00eatre VI\" loading=\"lazy\" \/><\/a>\n\t\t\t<\/dt><\/dl><br style=\"clear: both\" \/><dl class='gallery-item'>\n\t\t\t<dt class='gallery-icon portrait'>\n\t\t\t\t<a href='https:\/\/tanial.art\/?attachment_id=1624'><img width=\"150\" height=\"150\" src=\"https:\/\/tanial.art\/wp-content\/uploads\/2020\/11\/ancetre-VI_detail1-150x150.jpg\" class=\"attachment-thumbnail size-thumbnail\" alt=\"Tania Luchinkina , TaniaL; Anc\u00eatre VI\" loading=\"lazy\" \/><\/a>\n\t\t\t<\/dt><\/dl><dl class='gallery-item'>\n\t\t\t<dt class='gallery-icon portrait'>\n\t\t\t\t<a href='https:\/\/tanial.art\/?attachment_id=1625'><img width=\"150\" height=\"150\" src=\"https:\/\/tanial.art\/wp-content\/uploads\/2020\/11\/ancetre-VI_detail2-150x150.jpg\" class=\"attachment-thumbnail size-thumbnail\" alt=\"Tania Luchinkina , TaniaL; Anc\u00eatre VI\" loading=\"lazy\" \/><\/a>\n\t\t\t<\/dt><\/dl><dl class='gallery-item'>\n\t\t\t<dt class='gallery-icon portrait'>\n\t\t\t\t<a href='https:\/\/tanial.art\/?attachment_id=2226'><img width=\"150\" height=\"150\" src=\"https:\/\/tanial.art\/wp-content\/uploads\/2021\/11\/ancetre-V-150x150.jpg\" class=\"attachment-thumbnail size-thumbnail\" alt=\"artiste Tania Luchinkina (TaniaL)\" loading=\"lazy\" \/><\/a>\n\t\t\t<\/dt><\/dl><br style=\"clear: both\" \/><dl class='gallery-item'>\n\t\t\t<dt class='gallery-icon portrait'>\n\t\t\t\t<a href='https:\/\/tanial.art\/?attachment_id=1537'><img width=\"150\" height=\"150\" src=\"https:\/\/tanial.art\/wp-content\/uploads\/2020\/11\/ancetre-V_detail-150x150.jpg\" class=\"attachment-thumbnail size-thumbnail\" alt=\"artiste Luchinkina Tania, Anc\u00eatre V\" loading=\"lazy\" \/><\/a>\n\t\t\t<\/dt><\/dl><dl class='gallery-item'>\n\t\t\t<dt class='gallery-icon portrait'>\n\t\t\t\t<a href='https:\/\/tanial.art\/?attachment_id=1558'><img width=\"150\" height=\"150\" src=\"https:\/\/tanial.art\/wp-content\/uploads\/2020\/11\/ancetre-V_detail1-150x150.jpg\" class=\"attachment-thumbnail size-thumbnail\" alt=\"artiste Luchinkina Tania, Anc\u00eatre V\" loading=\"lazy\" \/><\/a>\n\t\t\t<\/dt><\/dl>\n\t\t\t<br style='clear: both' \/>\n\t\t<\/div>\n<\/div>\n","protected":false},"excerpt":{"rendered":"<p>Ce projet s&rsquo;attache \u00e0 sonder les strates profondes de l&rsquo;h\u00e9ritage universel de l&rsquo;humanit\u00e9, en interrogeant les m\u00e9moires collectives, les r\u00e9cits oubli\u00e9s et les silences transmis d&rsquo;une g\u00e9n\u00e9ration \u00e0 l&rsquo;autre. \u00c0 travers des \u0153uvres o\u00f9 les cadres, les toiles, les surfaces sont volontairement d\u00e9form\u00e9es, d\u00e9chir\u00e9es ou \u00ab tortur\u00e9es \u00bb, c&rsquo;est une m\u00e9moire en tension qui se [&hellip;]<\/p>\n","protected":false},"author":1,"featured_media":0,"parent":0,"menu_order":0,"comment_status":"closed","ping_status":"closed","template":"","meta":[],"yoast_head":"<!-- This site is optimized with the Yoast SEO plugin v19.4 - https:\/\/yoast.com\/wordpress\/plugins\/seo\/ -->\n<title>PROJET : NOS ANC\u00caTRES UNIVERSELS -<\/title>\n<meta name=\"robots\" content=\"index, follow, max-snippet:-1, max-image-preview:large, max-video-preview:-1\" \/>\n<link rel=\"canonical\" href=\"https:\/\/tanial.art\/?page_id=2578\" \/>\n<meta property=\"og:locale\" content=\"fr_FR\" \/>\n<meta property=\"og:type\" content=\"article\" \/>\n<meta property=\"og:title\" content=\"PROJET : NOS ANC\u00caTRES UNIVERSELS -\" \/>\n<meta property=\"og:description\" content=\"Ce projet s&rsquo;attache \u00e0 sonder les strates profondes de l&rsquo;h\u00e9ritage universel de l&rsquo;humanit\u00e9, en interrogeant les m\u00e9moires collectives, les r\u00e9cits oubli\u00e9s et les silences transmis d&rsquo;une g\u00e9n\u00e9ration \u00e0 l&rsquo;autre. \u00c0 travers des \u0153uvres o\u00f9 les cadres, les toiles, les surfaces sont volontairement d\u00e9form\u00e9es, d\u00e9chir\u00e9es ou \u00ab tortur\u00e9es \u00bb, c&rsquo;est une m\u00e9moire en tension qui se [&hellip;]\" \/>\n<meta property=\"og:url\" content=\"https:\/\/tanial.art\/?page_id=2578\" \/>\n<meta property=\"article:modified_time\" content=\"2025-05-06T14:13:56+00:00\" \/>\n<meta property=\"og:image\" content=\"https:\/\/tanial.art\/wp-content\/uploads\/2025\/04\/im-01-300x167.jpg\" \/>\n<meta name=\"twitter:card\" content=\"summary_large_image\" \/>\n<meta name=\"twitter:label1\" content=\"Dur\u00e9e de lecture estim\u00e9e\" \/>\n\t<meta name=\"twitter:data1\" content=\"1 minute\" \/>\n<script type=\"application\/ld+json\" class=\"yoast-schema-graph\">{\"@context\":\"https:\/\/schema.org\",\"@graph\":[{\"@type\":\"WebSite\",\"@id\":\"https:\/\/tanial.art\/#website\",\"url\":\"https:\/\/tanial.art\/\",\"name\":\"\",\"description\":\"\",\"potentialAction\":[{\"@type\":\"SearchAction\",\"target\":{\"@type\":\"EntryPoint\",\"urlTemplate\":\"https:\/\/tanial.art\/?s={search_term_string}\"},\"query-input\":\"required name=search_term_string\"}],\"inLanguage\":\"fr-FR\"},{\"@type\":\"WebPage\",\"@id\":\"https:\/\/tanial.art\/?page_id=2578\",\"url\":\"https:\/\/tanial.art\/?page_id=2578\",\"name\":\"PROJET : NOS ANC\u00caTRES UNIVERSELS -\",\"isPartOf\":{\"@id\":\"https:\/\/tanial.art\/#website\"},\"datePublished\":\"2025-05-04T20:03:07+00:00\",\"dateModified\":\"2025-05-06T14:13:56+00:00\",\"breadcrumb\":{\"@id\":\"https:\/\/tanial.art\/?page_id=2578#breadcrumb\"},\"inLanguage\":\"fr-FR\",\"potentialAction\":[{\"@type\":\"ReadAction\",\"target\":[\"https:\/\/tanial.art\/?page_id=2578\"]}]},{\"@type\":\"BreadcrumbList\",\"@id\":\"https:\/\/tanial.art\/?page_id=2578#breadcrumb\",\"itemListElement\":[{\"@type\":\"ListItem\",\"position\":1,\"name\":\"Accueil\",\"item\":\"https:\/\/tanial.art\/\"},{\"@type\":\"ListItem\",\"position\":2,\"name\":\"PROJET : NOS ANC\u00caTRES UNIVERSELS\"}]}]}<\/script>\n<!-- \/ Yoast SEO plugin. -->","yoast_head_json":{"title":"PROJET : NOS ANC\u00caTRES UNIVERSELS -","robots":{"index":"index","follow":"follow","max-snippet":"max-snippet:-1","max-image-preview":"max-image-preview:large","max-video-preview":"max-video-preview:-1"},"canonical":"https:\/\/tanial.art\/?page_id=2578","og_locale":"fr_FR","og_type":"article","og_title":"PROJET : NOS ANC\u00caTRES UNIVERSELS -","og_description":"Ce projet s&rsquo;attache \u00e0 sonder les strates profondes de l&rsquo;h\u00e9ritage universel de l&rsquo;humanit\u00e9, en interrogeant les m\u00e9moires collectives, les r\u00e9cits oubli\u00e9s et les silences transmis d&rsquo;une g\u00e9n\u00e9ration \u00e0 l&rsquo;autre. \u00c0 travers des \u0153uvres o\u00f9 les cadres, les toiles, les surfaces sont volontairement d\u00e9form\u00e9es, d\u00e9chir\u00e9es ou \u00ab tortur\u00e9es \u00bb, c&rsquo;est une m\u00e9moire en tension qui se [&hellip;]","og_url":"https:\/\/tanial.art\/?page_id=2578","article_modified_time":"2025-05-06T14:13:56+00:00","og_image":[{"url":"https:\/\/tanial.art\/wp-content\/uploads\/2025\/04\/im-01-300x167.jpg"}],"twitter_card":"summary_large_image","twitter_misc":{"Dur\u00e9e de lecture estim\u00e9e":"1 minute"},"schema":{"@context":"https:\/\/schema.org","@graph":[{"@type":"WebSite","@id":"https:\/\/tanial.art\/#website","url":"https:\/\/tanial.art\/","name":"","description":"","potentialAction":[{"@type":"SearchAction","target":{"@type":"EntryPoint","urlTemplate":"https:\/\/tanial.art\/?s={search_term_string}"},"query-input":"required name=search_term_string"}],"inLanguage":"fr-FR"},{"@type":"WebPage","@id":"https:\/\/tanial.art\/?page_id=2578","url":"https:\/\/tanial.art\/?page_id=2578","name":"PROJET : NOS ANC\u00caTRES UNIVERSELS -","isPartOf":{"@id":"https:\/\/tanial.art\/#website"},"datePublished":"2025-05-04T20:03:07+00:00","dateModified":"2025-05-06T14:13:56+00:00","breadcrumb":{"@id":"https:\/\/tanial.art\/?page_id=2578#breadcrumb"},"inLanguage":"fr-FR","potentialAction":[{"@type":"ReadAction","target":["https:\/\/tanial.art\/?page_id=2578"]}]},{"@type":"BreadcrumbList","@id":"https:\/\/tanial.art\/?page_id=2578#breadcrumb","itemListElement":[{"@type":"ListItem","position":1,"name":"Accueil","item":"https:\/\/tanial.art\/"},{"@type":"ListItem","position":2,"name":"PROJET : NOS ANC\u00caTRES UNIVERSELS"}]}]}},"_links":{"self":[{"href":"https:\/\/tanial.art\/index.php?rest_route=\/wp\/v2\/pages\/2578"}],"collection":[{"href":"https:\/\/tanial.art\/index.php?rest_route=\/wp\/v2\/pages"}],"about":[{"href":"https:\/\/tanial.art\/index.php?rest_route=\/wp\/v2\/types\/page"}],"author":[{"embeddable":true,"href":"https:\/\/tanial.art\/index.php?rest_route=\/wp\/v2\/users\/1"}],"replies":[{"embeddable":true,"href":"https:\/\/tanial.art\/index.php?rest_route=%2Fwp%2Fv2%2Fcomments&post=2578"}],"version-history":[{"count":3,"href":"https:\/\/tanial.art\/index.php?rest_route=\/wp\/v2\/pages\/2578\/revisions"}],"predecessor-version":[{"id":2637,"href":"https:\/\/tanial.art\/index.php?rest_route=\/wp\/v2\/pages\/2578\/revisions\/2637"}],"wp:attachment":[{"href":"https:\/\/tanial.art\/index.php?rest_route=%2Fwp%2Fv2%2Fmedia&parent=2578"}],"curies":[{"name":"wp","href":"https:\/\/api.w.org\/{rel}","templated":true}]}}