{"id":2458,"date":"2025-04-30T18:42:41","date_gmt":"2025-04-30T16:42:41","guid":{"rendered":"https:\/\/tanial.art\/?page_id=2458"},"modified":"2025-05-06T16:12:54","modified_gmt":"2025-05-06T14:12:54","slug":"projet-les-regards-du-passee","status":"publish","type":"page","link":"https:\/\/tanial.art\/?page_id=2458","title":{"rendered":"PROJET : LES REGARDS DU PASS\u00c9"},"content":{"rendered":"\n<p class=\"has-black-color has-text-color\">Cette s\u00e9rie de portraits f\u00e9minins s&rsquo;inscrit dans une r\u00e9flexion sur la m\u00e9moire invisible \u2014 celle des femmes dont les destins, souvent rel\u00e9gu\u00e9s aux marges de l&rsquo;Histoire, restent marqu\u00e9es par les fractures du monde : guerres, effondrements, silences impos\u00e9s. Ces visages, extraits du pass\u00e9e, surgissent comme des \u00e9clats d&rsquo;humanit\u00e9 oubli\u00e9e.<\/p>\n\n\n\n<p class=\"has-black-color has-text-color\">Chaque regard est une \u00e9nigme. Concentr\u00e9, frontal, presque insistant. Il vient interrompre notre pr\u00e9sent pour interroger nos certitudes. Ces femmes ne sourient pas, mais elles ne se taisent pas non plus : \u00e0 travers leurs yeux, c&rsquo;est une conscience aigu\u00eb de la fragilit\u00e9 de la vie qui affleure. Une forme de lucidit\u00e9 muette, qui traverse le temps et nous atteint.<\/p>\n\n\n\n<p class=\"has-black-color has-text-color\">Ces figures f\u00e9minines ne sont pas des ic\u00f4nes fig\u00e9es, mais les traces d&rsquo;une humanit\u00e9 v\u00e9cue, marqu\u00e9es par les drames et les m\u00e9tamorphoses. Elles nous rappellent que le pass\u00e9 n&rsquo;est jamais tout \u00e0 fait clos \u2014 il respire encore dans les regards, dans les plis d&rsquo;un visage, dans la persistance d&rsquo;un souvenir.<\/p>\n\n\n\n<p class=\"has-black-color has-text-color\">Par ce travail, il ne s&rsquo;agit pas de restituer des biographies, mais d&rsquo;esquisser une arch\u00e9ologie des \u00e9motions. Leurs yeux semblent nous dire que l&rsquo;histoire n&rsquo;est pas seulement une suite d&rsquo;\u00e9v\u00e9nements, mais un entrelacs de vies silencieuses, d&rsquo;ombres inqui\u00e8tes, de r\u00e9sistances intimes.<\/p>\n\n\n\n<div class=\"wp-block-dgwt-justified-gallery\">\n\t\t<style type=\"text\/css\">\n\t\t\t#gallery-1 {\n\t\t\t\tmargin: auto;\n\t\t\t}\n\t\t\t#gallery-1 .gallery-item {\n\t\t\t\tfloat: left;\n\t\t\t\tmargin-top: 10px;\n\t\t\t\ttext-align: center;\n\t\t\t\twidth: 33%;\n\t\t\t}\n\t\t\t#gallery-1 img {\n\t\t\t\tborder: 2px solid #cfcfcf;\n\t\t\t}\n\t\t\t#gallery-1 .gallery-caption {\n\t\t\t\tmargin-left: 0;\n\t\t\t}\n\t\t\t\/* see gallery_shortcode() in wp-includes\/media.php *\/\n\t\t<\/style>\n\t\t<div id='gallery-1' class='gallery galleryid-2458 gallery-columns-3 gallery-size-thumbnail'><dl class='gallery-item'>\n\t\t\t<dt class='gallery-icon landscape'>\n\t\t\t\t<a href='https:\/\/tanial.art\/?attachment_id=2352'><img width=\"150\" height=\"150\" src=\"https:\/\/tanial.art\/wp-content\/uploads\/2022\/09\/tania6-150x150.jpg\" class=\"attachment-thumbnail size-thumbnail\" alt=\"tania Luchinkina\" loading=\"lazy\" \/><\/a>\n\t\t\t<\/dt><\/dl><dl class='gallery-item'>\n\t\t\t<dt class='gallery-icon landscape'>\n\t\t\t\t<a href='https:\/\/tanial.art\/?attachment_id=2351'><img width=\"150\" height=\"150\" src=\"https:\/\/tanial.art\/wp-content\/uploads\/2022\/09\/Galerie-de-l-Est-Resistants_0260-150x150.jpg\" class=\"attachment-thumbnail size-thumbnail\" alt=\"\" loading=\"lazy\" \/><\/a>\n\t\t\t<\/dt><\/dl><dl class='gallery-item'>\n\t\t\t<dt class='gallery-icon portrait'>\n\t\t\t\t<a href='https:\/\/tanial.art\/?attachment_id=2350'><img width=\"150\" height=\"150\" src=\"https:\/\/tanial.art\/wp-content\/uploads\/2022\/09\/014-150x150.jpg\" class=\"attachment-thumbnail size-thumbnail\" alt=\"\" loading=\"lazy\" \/><\/a>\n\t\t\t<\/dt><\/dl><br style=\"clear: both\" \/><dl class='gallery-item'>\n\t\t\t<dt class='gallery-icon portrait'>\n\t\t\t\t<a href='https:\/\/tanial.art\/?attachment_id=2348'><img width=\"150\" height=\"150\" src=\"https:\/\/tanial.art\/wp-content\/uploads\/2022\/09\/010-150x150.jpg\" class=\"attachment-thumbnail size-thumbnail\" alt=\"\" loading=\"lazy\" srcset=\"https:\/\/tanial.art\/wp-content\/uploads\/2022\/09\/010-150x150.jpg 150w, https:\/\/tanial.art\/wp-content\/uploads\/2022\/09\/010-1015x1024.jpg 1015w, https:\/\/tanial.art\/wp-content\/uploads\/2022\/09\/010-768x775.jpg 768w, https:\/\/tanial.art\/wp-content\/uploads\/2022\/09\/010-1523x1536.jpg 1523w, https:\/\/tanial.art\/wp-content\/uploads\/2022\/09\/010-2031x2048.jpg 2031w\" sizes=\"(max-width: 150px) 100vw, 150px\" \/><\/a>\n\t\t\t<\/dt><\/dl><dl class='gallery-item'>\n\t\t\t<dt class='gallery-icon portrait'>\n\t\t\t\t<a href='https:\/\/tanial.art\/?attachment_id=2366'><img width=\"150\" height=\"150\" src=\"https:\/\/tanial.art\/wp-content\/uploads\/2022\/09\/07-150x150.jpg\" class=\"attachment-thumbnail size-thumbnail\" alt=\"\" loading=\"lazy\" \/><\/a>\n\t\t\t<\/dt><\/dl><dl class='gallery-item'>\n\t\t\t<dt class='gallery-icon landscape'>\n\t\t\t\t<a href='https:\/\/tanial.art\/?attachment_id=2367'><img width=\"150\" height=\"150\" src=\"https:\/\/tanial.art\/wp-content\/uploads\/2022\/09\/08-150x150.jpg\" class=\"attachment-thumbnail size-thumbnail\" alt=\"\" loading=\"lazy\" \/><\/a>\n\t\t\t<\/dt><\/dl><br style=\"clear: both\" \/><dl class='gallery-item'>\n\t\t\t<dt class='gallery-icon portrait'>\n\t\t\t\t<a href='https:\/\/tanial.art\/?attachment_id=2371'><img width=\"150\" height=\"150\" src=\"https:\/\/tanial.art\/wp-content\/uploads\/2022\/09\/011-150x150.jpg\" class=\"attachment-thumbnail size-thumbnail\" alt=\"\" loading=\"lazy\" \/><\/a>\n\t\t\t<\/dt><\/dl><dl class='gallery-item'>\n\t\t\t<dt class='gallery-icon portrait'>\n\t\t\t\t<a href='https:\/\/tanial.art\/?attachment_id=2368'><img width=\"150\" height=\"150\" src=\"https:\/\/tanial.art\/wp-content\/uploads\/2022\/09\/09-150x150.jpg\" class=\"attachment-thumbnail size-thumbnail\" alt=\"\" loading=\"lazy\" \/><\/a>\n\t\t\t<\/dt><\/dl><dl class='gallery-item'>\n\t\t\t<dt class='gallery-icon portrait'>\n\t\t\t\t<a href='https:\/\/tanial.art\/?attachment_id=2484'><img width=\"133\" height=\"150\" src=\"https:\/\/tanial.art\/wp-content\/uploads\/2025\/04\/01.jpg\" class=\"attachment-thumbnail size-thumbnail\" alt=\"\" loading=\"lazy\" \/><\/a>\n\t\t\t<\/dt><\/dl><br style=\"clear: both\" \/><dl class='gallery-item'>\n\t\t\t<dt class='gallery-icon portrait'>\n\t\t\t\t<a href='https:\/\/tanial.art\/?attachment_id=2369'><img width=\"150\" height=\"150\" src=\"https:\/\/tanial.art\/wp-content\/uploads\/2022\/09\/03-150x150.jpg\" class=\"attachment-thumbnail size-thumbnail\" alt=\"\" loading=\"lazy\" \/><\/a>\n\t\t\t<\/dt><\/dl><dl class='gallery-item'>\n\t\t\t<dt class='gallery-icon portrait'>\n\t\t\t\t<a href='https:\/\/tanial.art\/?attachment_id=2370'><img width=\"150\" height=\"150\" src=\"https:\/\/tanial.art\/wp-content\/uploads\/2022\/09\/05-150x150.jpg\" class=\"attachment-thumbnail size-thumbnail\" alt=\"\" loading=\"lazy\" \/><\/a>\n\t\t\t<\/dt><\/dl><dl class='gallery-item'>\n\t\t\t<dt class='gallery-icon landscape'>\n\t\t\t\t<a href='https:\/\/tanial.art\/?attachment_id=2360'><img width=\"150\" height=\"150\" src=\"https:\/\/tanial.art\/wp-content\/uploads\/2022\/09\/tania2_bis-150x150.jpg\" class=\"attachment-thumbnail size-thumbnail\" alt=\"\" loading=\"lazy\" \/><\/a>\n\t\t\t<\/dt><\/dl><br style=\"clear: both\" \/>\n\t\t<\/div>\n<\/div>\n","protected":false},"excerpt":{"rendered":"<p>Cette s\u00e9rie de portraits f\u00e9minins s&rsquo;inscrit dans une r\u00e9flexion sur la m\u00e9moire invisible \u2014 celle des femmes dont les destins, souvent rel\u00e9gu\u00e9s aux marges de l&rsquo;Histoire, restent marqu\u00e9es par les fractures du monde : guerres, effondrements, silences impos\u00e9s. Ces visages, extraits du pass\u00e9e, surgissent comme des \u00e9clats d&rsquo;humanit\u00e9 oubli\u00e9e. Chaque regard est une \u00e9nigme. Concentr\u00e9, [&hellip;]<\/p>\n","protected":false},"author":1,"featured_media":0,"parent":0,"menu_order":0,"comment_status":"closed","ping_status":"closed","template":"","meta":[],"yoast_head":"<!-- This site is optimized with the Yoast SEO plugin v19.4 - https:\/\/yoast.com\/wordpress\/plugins\/seo\/ -->\n<title>PROJET : LES REGARDS DU PASS\u00c9 -<\/title>\n<meta name=\"robots\" content=\"index, follow, max-snippet:-1, max-image-preview:large, max-video-preview:-1\" \/>\n<link rel=\"canonical\" href=\"https:\/\/tanial.art\/?page_id=2458\" \/>\n<meta property=\"og:locale\" content=\"fr_FR\" \/>\n<meta property=\"og:type\" content=\"article\" \/>\n<meta property=\"og:title\" content=\"PROJET : LES REGARDS DU PASS\u00c9 -\" \/>\n<meta property=\"og:description\" content=\"Cette s\u00e9rie de portraits f\u00e9minins s&rsquo;inscrit dans une r\u00e9flexion sur la m\u00e9moire invisible \u2014 celle des femmes dont les destins, souvent rel\u00e9gu\u00e9s aux marges de l&rsquo;Histoire, restent marqu\u00e9es par les fractures du monde : guerres, effondrements, silences impos\u00e9s. Ces visages, extraits du pass\u00e9e, surgissent comme des \u00e9clats d&rsquo;humanit\u00e9 oubli\u00e9e. Chaque regard est une \u00e9nigme. Concentr\u00e9, [&hellip;]\" \/>\n<meta property=\"og:url\" content=\"https:\/\/tanial.art\/?page_id=2458\" \/>\n<meta property=\"article:modified_time\" content=\"2025-05-06T14:12:54+00:00\" \/>\n<meta property=\"og:image\" content=\"https:\/\/tanial.art\/wp-content\/uploads\/2022\/09\/tania6-300x209.jpg\" \/>\n<meta name=\"twitter:card\" content=\"summary_large_image\" \/>\n<meta name=\"twitter:label1\" content=\"Dur\u00e9e de lecture estim\u00e9e\" \/>\n\t<meta name=\"twitter:data1\" content=\"2 minutes\" \/>\n<script type=\"application\/ld+json\" class=\"yoast-schema-graph\">{\"@context\":\"https:\/\/schema.org\",\"@graph\":[{\"@type\":\"WebSite\",\"@id\":\"https:\/\/tanial.art\/#website\",\"url\":\"https:\/\/tanial.art\/\",\"name\":\"\",\"description\":\"\",\"potentialAction\":[{\"@type\":\"SearchAction\",\"target\":{\"@type\":\"EntryPoint\",\"urlTemplate\":\"https:\/\/tanial.art\/?s={search_term_string}\"},\"query-input\":\"required name=search_term_string\"}],\"inLanguage\":\"fr-FR\"},{\"@type\":\"WebPage\",\"@id\":\"https:\/\/tanial.art\/?page_id=2458\",\"url\":\"https:\/\/tanial.art\/?page_id=2458\",\"name\":\"PROJET : LES REGARDS DU PASS\u00c9 -\",\"isPartOf\":{\"@id\":\"https:\/\/tanial.art\/#website\"},\"datePublished\":\"2025-04-30T16:42:41+00:00\",\"dateModified\":\"2025-05-06T14:12:54+00:00\",\"breadcrumb\":{\"@id\":\"https:\/\/tanial.art\/?page_id=2458#breadcrumb\"},\"inLanguage\":\"fr-FR\",\"potentialAction\":[{\"@type\":\"ReadAction\",\"target\":[\"https:\/\/tanial.art\/?page_id=2458\"]}]},{\"@type\":\"BreadcrumbList\",\"@id\":\"https:\/\/tanial.art\/?page_id=2458#breadcrumb\",\"itemListElement\":[{\"@type\":\"ListItem\",\"position\":1,\"name\":\"Accueil\",\"item\":\"https:\/\/tanial.art\/\"},{\"@type\":\"ListItem\",\"position\":2,\"name\":\"PROJET : LES REGARDS DU PASS\u00c9\"}]}]}<\/script>\n<!-- \/ Yoast SEO plugin. -->","yoast_head_json":{"title":"PROJET : LES REGARDS DU PASS\u00c9 -","robots":{"index":"index","follow":"follow","max-snippet":"max-snippet:-1","max-image-preview":"max-image-preview:large","max-video-preview":"max-video-preview:-1"},"canonical":"https:\/\/tanial.art\/?page_id=2458","og_locale":"fr_FR","og_type":"article","og_title":"PROJET : LES REGARDS DU PASS\u00c9 -","og_description":"Cette s\u00e9rie de portraits f\u00e9minins s&rsquo;inscrit dans une r\u00e9flexion sur la m\u00e9moire invisible \u2014 celle des femmes dont les destins, souvent rel\u00e9gu\u00e9s aux marges de l&rsquo;Histoire, restent marqu\u00e9es par les fractures du monde : guerres, effondrements, silences impos\u00e9s. Ces visages, extraits du pass\u00e9e, surgissent comme des \u00e9clats d&rsquo;humanit\u00e9 oubli\u00e9e. Chaque regard est une \u00e9nigme. Concentr\u00e9, [&hellip;]","og_url":"https:\/\/tanial.art\/?page_id=2458","article_modified_time":"2025-05-06T14:12:54+00:00","og_image":[{"url":"https:\/\/tanial.art\/wp-content\/uploads\/2022\/09\/tania6-300x209.jpg"}],"twitter_card":"summary_large_image","twitter_misc":{"Dur\u00e9e de lecture estim\u00e9e":"2 minutes"},"schema":{"@context":"https:\/\/schema.org","@graph":[{"@type":"WebSite","@id":"https:\/\/tanial.art\/#website","url":"https:\/\/tanial.art\/","name":"","description":"","potentialAction":[{"@type":"SearchAction","target":{"@type":"EntryPoint","urlTemplate":"https:\/\/tanial.art\/?s={search_term_string}"},"query-input":"required name=search_term_string"}],"inLanguage":"fr-FR"},{"@type":"WebPage","@id":"https:\/\/tanial.art\/?page_id=2458","url":"https:\/\/tanial.art\/?page_id=2458","name":"PROJET : LES REGARDS DU PASS\u00c9 -","isPartOf":{"@id":"https:\/\/tanial.art\/#website"},"datePublished":"2025-04-30T16:42:41+00:00","dateModified":"2025-05-06T14:12:54+00:00","breadcrumb":{"@id":"https:\/\/tanial.art\/?page_id=2458#breadcrumb"},"inLanguage":"fr-FR","potentialAction":[{"@type":"ReadAction","target":["https:\/\/tanial.art\/?page_id=2458"]}]},{"@type":"BreadcrumbList","@id":"https:\/\/tanial.art\/?page_id=2458#breadcrumb","itemListElement":[{"@type":"ListItem","position":1,"name":"Accueil","item":"https:\/\/tanial.art\/"},{"@type":"ListItem","position":2,"name":"PROJET : LES REGARDS DU PASS\u00c9"}]}]}},"_links":{"self":[{"href":"https:\/\/tanial.art\/index.php?rest_route=\/wp\/v2\/pages\/2458"}],"collection":[{"href":"https:\/\/tanial.art\/index.php?rest_route=\/wp\/v2\/pages"}],"about":[{"href":"https:\/\/tanial.art\/index.php?rest_route=\/wp\/v2\/types\/page"}],"author":[{"embeddable":true,"href":"https:\/\/tanial.art\/index.php?rest_route=\/wp\/v2\/users\/1"}],"replies":[{"embeddable":true,"href":"https:\/\/tanial.art\/index.php?rest_route=%2Fwp%2Fv2%2Fcomments&post=2458"}],"version-history":[{"count":9,"href":"https:\/\/tanial.art\/index.php?rest_route=\/wp\/v2\/pages\/2458\/revisions"}],"predecessor-version":[{"id":2635,"href":"https:\/\/tanial.art\/index.php?rest_route=\/wp\/v2\/pages\/2458\/revisions\/2635"}],"wp:attachment":[{"href":"https:\/\/tanial.art\/index.php?rest_route=%2Fwp%2Fv2%2Fmedia&parent=2458"}],"curies":[{"name":"wp","href":"https:\/\/api.w.org\/{rel}","templated":true}]}}