{"id":2433,"date":"2025-04-30T17:43:05","date_gmt":"2025-04-30T15:43:05","guid":{"rendered":"https:\/\/tanial.art\/?page_id=2433"},"modified":"2025-05-18T09:44:06","modified_gmt":"2025-05-18T07:44:06","slug":"work-of-tania-luchinkina","status":"publish","type":"page","link":"https:\/\/tanial.art\/","title":{"rendered":"Tania Luchinkina&rsquo;s work"},"content":{"rendered":"\n<p class=\"has-black-color has-text-color\">Mon travail s&rsquo;inscrit dans un dialogue profond avec l&rsquo;h\u00e9ritage artistique du pass\u00e9. J&rsquo;explore les codes esth\u00e9tiques, les mani\u00e8res de peindre, les th\u00e8mes et les visions du monde propres \u00e0 d&rsquo;autres \u00e9poques, non pas pour les reproduire, mais pour en sonder la persistance dans notre regard contemporain.<\/p>\n\n\n\n<p class=\"has-black-color has-text-color\">Au centre de mon projet r\u00e9side l&rsquo;id\u00e9e d&rsquo;une red\u00e9couverte \u2014 une forme de palimpseste visuel \u2014 d&rsquo;\u0153uvres anciennes imagin\u00e9es comme exhum\u00e9es d&rsquo;un grenier de la m\u00e9moire collective. Portraits d&rsquo;hommes et de femmes, surgis du silence des si\u00e8cles, figures dont les noms ont souvent \u00e9t\u00e9 oubli\u00e9s mais dont le regard traverse le temps pour nous atteindre.<\/p>\n\n\n\n<p class=\"has-black-color has-text-color\">Ces visages, concentr\u00e9s, lucides, nous interrogent. Ils nous rappellent que la repr\u00e9sentation d&rsquo;un \u00eatre humain n&rsquo;est jamais anodine : elle conserve des traces, des souffrances, des survivances. Ils deviennent les t\u00e9moins d&rsquo;une histoire partag\u00e9e, d&rsquo;un monde r\u00e9volu qui continue pourtant de vibrer sous la surface du pr\u00e9sent.<\/p>\n\n\n\n<p class=\"has-black-color has-text-color\">La m\u00e9moire collective agit ici comme un r\u00e9servoir fragile de r\u00e9cits et de figures, o\u00f9 se m\u00ealent histoires oubli\u00e9es, transmissions culturelles et \u00e9motions universelles. En convoquant ces fragments du pass\u00e9, je tente d&rsquo;en ravir la charge symbolique et existentielle.<\/p>\n\n\n\n<p class=\"has-black-color has-text-color\">Ma d\u00e9marche n&rsquo;est pas \u00e9motionnelle mais r\u00e9solument plastique et conceptuelle. Je cherche \u00e0 recr\u00e9er ces figures avec rigueur, tout en les d\u00e9pla\u00e7ant dans une temporalit\u00e9 autre \u2014 la n\u00f4tre. Les supports sont de ma cr\u00e9ation, parfois bruts ou alt\u00e9r\u00e9s, renfor\u00e7ant cette tension entre m\u00e9moire et actualit\u00e9.<\/p>\n\n\n\n<p class=\"has-black-color has-text-color\">Ce travail interroge la mani\u00e8re dont les formes anciennes s&rsquo;infiltrent dans notre imaginaire contemporain, comment elles r\u00e9sonnent dans le pr\u00e9sent et nous permettent de penser notre propre place dans le flux du temps.<\/p>\n\n\n\n<figure class=\"wp-block-image size-full is-resized\"><img loading=\"lazy\" src=\"https:\/\/tanial.art\/wp-content\/uploads\/2021\/09\/blanc-1.jpg\" alt=\"\" class=\"wp-image-2108\" width=\"57\" height=\"125\"\/><\/figure>\n\n\n\n<p class=\"has-black-color has-text-color has-huge-font-size\">PROJET : LES VIES PASS\u00c9ES <a href=\"https:\/\/tanial.art\/?page_id=2439\"><img loading=\"lazy\" width=\"29\" height=\"32\" class=\"wp-image-2446\" style=\"width: 29px;\" src=\"https:\/\/tanial.art\/wp-content\/uploads\/2025\/04\/fleche_tania-luchinkina.jpg\" alt=\"\"><\/a><\/p>\n\n\n\n<div class=\"wp-block-columns\">\n<div class=\"wp-block-column\" style=\"flex-basis:100%\">\n<div class=\"wp-block-columns alignwide\">\n<div class=\"wp-block-column\">\n<div class=\"wp-block-media-text alignwide is-stacked-on-mobile is-vertically-aligned-center\" style=\"grid-template-columns:65% auto\"><figure class=\"wp-block-media-text__media\"><a href=\"https:\/\/tanial.art\/?page_id=2439\"><img loading=\"lazy\" width=\"920\" height=\"541\" src=\"https:\/\/tanial.art\/wp-content\/uploads\/2025\/04\/IMG_4983.jpg\" alt=\"artiste Tania Luchinkina (TaniaL) Tania Luchinkina artiste, beaux-arts, art contemporain, artiste plasticien, Tania L\" class=\"wp-image-2452 size-full\" srcset=\"https:\/\/tanial.art\/wp-content\/uploads\/2025\/04\/IMG_4983.jpg 920w, https:\/\/tanial.art\/wp-content\/uploads\/2025\/04\/IMG_4983-300x176.jpg 300w, https:\/\/tanial.art\/wp-content\/uploads\/2025\/04\/IMG_4983-768x452.jpg 768w\" sizes=\"(max-width: 920px) 100vw, 920px\" \/><\/a><\/figure><div class=\"wp-block-media-text__content\">\n<p class=\"has-black-color has-text-color has-normal-font-size\">J\u2019explore l\u2019id\u00e9e de permanence et d\u2019\u00e9ternit\u00e9 en une r\u00e9flexion sur le passage du temps. Chaque panneau capture une \u00e9tape de cette transformation, explorant la richesse et la complexit\u00e9 de l\u2019existence humaine.<\/p>\n<\/div><\/div>\n<\/div>\n<\/div>\n<\/div>\n<\/div>\n\n\n\n<figure class=\"wp-block-image size-full is-resized\"><img loading=\"lazy\" src=\"https:\/\/tanial.art\/wp-content\/uploads\/2021\/09\/blanc-1.jpg\" alt=\"\" class=\"wp-image-2108\" width=\"57\" height=\"125\"\/><\/figure>\n\n\n\n<p class=\"has-black-color has-text-color has-huge-font-size\">PROJET : ESPACE -TEMPS <a href=\"https:\/\/tanial.art\/?page_id=2611\"><img loading=\"lazy\" width=\"29\" height=\"32\" class=\"wp-image-2446\" style=\"width: 29px;\" src=\"https:\/\/tanial.art\/wp-content\/uploads\/2025\/04\/fleche_tania-luchinkina.jpg\" alt=\"\"><\/a><\/p>\n\n\n\n<div class=\"wp-block-media-text alignwide is-stacked-on-mobile\" style=\"grid-template-columns:42% auto\"><figure class=\"wp-block-media-text__media\"><a href=\"https:\/\/tanial.art\/?page_id=2611\"><img loading=\"lazy\" width=\"767\" height=\"751\" src=\"https:\/\/tanial.art\/wp-content\/uploads\/2021\/09\/durer.jpg\" alt=\"artiste Tania Luchinkina (TaniaL)\" class=\"wp-image-1838 size-full\" srcset=\"https:\/\/tanial.art\/wp-content\/uploads\/2021\/09\/durer.jpg 767w, https:\/\/tanial.art\/wp-content\/uploads\/2021\/09\/durer-300x294.jpg 300w\" sizes=\"(max-width: 767px) 100vw, 767px\" \/><\/a><\/figure><div class=\"wp-block-media-text__content\">\n<p class=\"has-black-color has-text-color\">Espace-Temps pose ainsi une question fondamentale : que devient une image lorsqu\u2019elle traverse les si\u00e8cles pour s\u2019inscrire dans notre r\u00e9alit\u00e9 ? Les figures du pass\u00e9, qu\u2019il s\u2019agisse d\u2019un personnage, d\u2019un objet ou d\u2019un lieu, ne sont pas fig\u00e9es dans leur signification originelle. Elles portent en elles une plasticit\u00e9, une capacit\u00e9 \u00e0 se r\u00e9inventer face aux regards nouveaux. <\/p>\n\n\n\n<p class=\"has-black-color has-text-color\">En les faisant \u00e9voluer dans notre temps, l\u2019artiste explore la mani\u00e8re dont ces images continuent de fa\u00e7onner notre imaginaire collectif, tout en se laissant fa\u00e7onner par lui. Un portrait ancien, par exemple, peut devenir le miroir d\u2019une int\u00e9riorit\u00e9 contemporaine, tandis qu\u2019un paysage peut \u00e9voquer une nostalgie universelle, celle d\u2019un rapport perdu \u00e0 la nature<\/p>\n<\/div><\/div>\n\n\n\n<figure class=\"wp-block-image size-full is-resized\"><img loading=\"lazy\" src=\"https:\/\/tanial.art\/wp-content\/uploads\/2021\/09\/blanc-1.jpg\" alt=\"\" class=\"wp-image-2108\" width=\"57\" height=\"125\"\/><\/figure>\n\n\n\n<p class=\"has-black-color has-text-color has-huge-font-size\">PROJET : LES MINIATURES <a href=\"https:\/\/tanial.art\/?page_id=2683\"><img loading=\"lazy\" width=\"29\" height=\"32\" class=\"wp-image-2446\" style=\"width: 29px;\" src=\"https:\/\/tanial.art\/wp-content\/uploads\/2025\/04\/fleche_tania-luchinkina.jpg\" alt=\"\"><\/a> <\/p>\n\n\n\n<div class=\"wp-block-media-text alignwide is-stacked-on-mobile\" style=\"grid-template-columns:42% auto\"><figure class=\"wp-block-media-text__media\"><a href=\"https:\/\/tanial.art\/?page_id=2683\"><img loading=\"lazy\" width=\"973\" height=\"1024\" src=\"https:\/\/tanial.art\/wp-content\/uploads\/2021\/11\/miniatures-973x1024.jpg\" alt=\"artiste Tania Luchinkina\" class=\"wp-image-2249 size-full\" srcset=\"https:\/\/tanial.art\/wp-content\/uploads\/2021\/11\/miniatures-973x1024.jpg 973w, https:\/\/tanial.art\/wp-content\/uploads\/2021\/11\/miniatures-285x300.jpg 285w, https:\/\/tanial.art\/wp-content\/uploads\/2021\/11\/miniatures-768x808.jpg 768w, https:\/\/tanial.art\/wp-content\/uploads\/2021\/11\/miniatures-1460x1536.jpg 1460w, https:\/\/tanial.art\/wp-content\/uploads\/2021\/11\/miniatures-1946x2048.jpg 1946w\" sizes=\"(max-width: 973px) 100vw, 973px\" \/><\/a><\/figure><div class=\"wp-block-media-text__content\">\n<p class=\"has-black-color has-text-color\">Le projet <em>Miniature<\/em> propose une exploration intime du portrait \u00e0 travers l&rsquo;\u00e9chelle r\u00e9duite. En concentrant le regard sur des formats restreints, l&rsquo;\u0153uvre invite \u00e0 une observation minutieuse, presque m\u00e9ditative, de chaque d\u00e9tail.<\/p>\n\n\n\n<p class=\"has-black-color has-text-color\">En fragmentant des portraits anciens \u2013 chaque fragment mesurant 2,5 \u00e0 3 centim\u00e8tres \u2013 et en les enfermant dans des encadrements g\u00e9om\u00e9triques plus grands \u2013 pyramides et sph\u00e8res \u2013 aux surfaces brutes, je questionne la fragilit\u00e9 de l\u2019identit\u00e9 face au temps. Ces formes, \u00e9voquant les encadrements anciens, agissent comme des reliquaires, tandis que chaque fragment, visible \u00e0 travers de petites ouvertures, devient un \u00e9cho du pass\u00e9, invitant \u00e0 recomposer mentalement ces figures oubli\u00e9es. Mon travail c\u00e9l\u00e8bre ainsi la beaut\u00e9 des fragments et leur capacit\u00e9 \u00e0 transcender les \u00e9poques. &nbsp;<\/p>\n<\/div><\/div>\n\n\n\n<figure class=\"wp-block-image size-full is-resized\"><img loading=\"lazy\" src=\"https:\/\/tanial.art\/wp-content\/uploads\/2021\/09\/blanc-1.jpg\" alt=\"\" class=\"wp-image-2108\" width=\"57\" height=\"125\"\/><\/figure>\n\n\n\n<p class=\"has-black-color has-text-color has-huge-font-size\"> PROJET : LES VIES PRIV\u00c9ES <a href=\"https:\/\/tanial.art\/?page_id=2706\"><img loading=\"lazy\" width=\"29\" height=\"32\" class=\"wp-image-2446\" style=\"width: 29px;\" src=\"https:\/\/tanial.art\/wp-content\/uploads\/2025\/04\/fleche_tania-luchinkina.jpg\" alt=\"\"><\/a>  <\/p>\n\n\n\n<div class=\"wp-block-media-text alignwide is-stacked-on-mobile\" style=\"grid-template-columns:42% auto\"><figure class=\"wp-block-media-text__media\"><a href=\"https:\/\/tanial.art\/?page_id=2706\"><img loading=\"lazy\" width=\"836\" height=\"1024\" src=\"https:\/\/tanial.art\/wp-content\/uploads\/2021\/11\/les-amants_-836x1024.jpg\" alt=\"artiste Tania Luchinkina (TaniaL)\" class=\"wp-image-2221 size-full\" srcset=\"https:\/\/tanial.art\/wp-content\/uploads\/2021\/11\/les-amants_-836x1024.jpg 836w, https:\/\/tanial.art\/wp-content\/uploads\/2021\/11\/les-amants_-245x300.jpg 245w, https:\/\/tanial.art\/wp-content\/uploads\/2021\/11\/les-amants_-768x941.jpg 768w, https:\/\/tanial.art\/wp-content\/uploads\/2021\/11\/les-amants_-1253x1536.jpg 1253w, https:\/\/tanial.art\/wp-content\/uploads\/2021\/11\/les-amants_-1671x2048.jpg 1671w\" sizes=\"(max-width: 836px) 100vw, 836px\" \/><\/a><\/figure><div class=\"wp-block-media-text__content\">\n<p class=\"has-black-color has-text-color\">Ce projet propose une relecture imaginative des portraits issus de la peinture ancienne. \u00c0 partir d&rsquo;un visage fig\u00e9 dans le temps, je tente de reconstituer \u2013 ou plut\u00f4t d&rsquo;inventer \u2013 la vie int\u00e9rieure, les \u00e9motions et le destin possible du personnage repr\u00e9sent\u00e9.<\/p>\n<\/div><\/div>\n\n\n\n<figure class=\"wp-block-image size-full is-resized\"><img loading=\"lazy\" src=\"https:\/\/tanial.art\/wp-content\/uploads\/2021\/09\/blanc-1.jpg\" alt=\"\" class=\"wp-image-2108\" width=\"57\" height=\"125\"\/><\/figure>\n\n\n\n<p> <\/p>\n\n\n\n<p class=\"has-black-color has-text-color has-huge-font-size\">  <\/p>\n\n\n\n<p class=\"has-black-color has-text-color has-huge-font-size\">PROJET : NOS ANC\u00caTRES UNIVERSELS <a href=\"https:\/\/tanial.art\/?page_id=2578\"><img loading=\"lazy\" width=\"29\" height=\"32\" class=\"wp-image-2446\" style=\"width: 29px;\" src=\"https:\/\/tanial.art\/wp-content\/uploads\/2025\/04\/fleche_tania-luchinkina.jpg\" alt=\"\"><\/a>   <\/p>\n\n\n\n<div class=\"wp-block-media-text alignwide is-stacked-on-mobile\" style=\"grid-template-columns:56% auto\"><figure class=\"wp-block-media-text__media\"><a href=\"https:\/\/tanial.art\/?page_id=2578\"><img loading=\"lazy\" width=\"1024\" height=\"570\" src=\"https:\/\/tanial.art\/wp-content\/uploads\/2025\/04\/im-01-1024x570.jpg\" alt=\"artiste Tania Luchinkina (TaniaL) Tania Luchinkina artiste, beaux-arts, art contemporain, artiste plasticien, Tania L\" class=\"wp-image-2524 size-full\" srcset=\"https:\/\/tanial.art\/wp-content\/uploads\/2025\/04\/im-01-1024x570.jpg 1024w, https:\/\/tanial.art\/wp-content\/uploads\/2025\/04\/im-01-300x167.jpg 300w, https:\/\/tanial.art\/wp-content\/uploads\/2025\/04\/im-01-768x427.jpg 768w, https:\/\/tanial.art\/wp-content\/uploads\/2025\/04\/im-01.jpg 1506w\" sizes=\"(max-width: 1024px) 100vw, 1024px\" \/><\/a><\/figure><div class=\"wp-block-media-text__content\">\n<p class=\"has-black-color has-text-color has-normal-font-size\">Ce projet explore l\u2019h\u00e9ritage universel de l\u2019humanit\u00e9, une exploration des m\u00e9moires collectives et des r\u00e9cits oubli\u00e9s. Les cadres et supports d\u00e9form\u00e9s, d\u00e9chir\u00e9s, et \u00ab\u00a0tortur\u00e9s\u00a0\u00bb, deviennent des m\u00e9taphores des luttes, des douleurs et des r\u00e9siliences des anc\u00eatres universels. Chaque \u0153uvre raconte une histoire unique, un fragment d\u2019un pass\u00e9 collectif o\u00f9 les blessures visibles sur les supports symbolisent les traces laiss\u00e9es par le temps, les conflits et les renaissances.<\/p>\n<\/div><\/div>\n\n\n\n<figure class=\"wp-block-image size-full is-resized\"><img loading=\"lazy\" src=\"https:\/\/tanial.art\/wp-content\/uploads\/2021\/09\/blanc-1.jpg\" alt=\"\" class=\"wp-image-2108\" width=\"57\" height=\"125\"\/><\/figure>\n\n\n\n<p class=\"has-black-color has-text-color has-huge-font-size\">PROJET : UNE &nbsp;\u0152UVRE TROUV\u00c9E DANS UN GRENIER <a href=\"https:\/\/tanial.art\/?page_id=2469\"><img loading=\"lazy\" width=\"29\" height=\"32\" class=\"wp-image-2446\" style=\"width: 29px;\" src=\"https:\/\/tanial.art\/wp-content\/uploads\/2025\/04\/fleche_tania-luchinkina.jpg\" alt=\"\"><\/a> <\/p>\n\n\n\n<div class=\"wp-block-media-text alignwide is-stacked-on-mobile\" style=\"grid-template-columns:59% auto\"><figure class=\"wp-block-media-text__media\"><a href=\"https:\/\/tanial.art\/?page_id=2469\"><img loading=\"lazy\" width=\"790\" height=\"508\" src=\"https:\/\/tanial.art\/wp-content\/uploads\/2025\/04\/grenier.jpg\" alt=\"artiste Tania Luchinkina (TaniaL) Tania Luchinkina artiste, beaux-arts, art contemporain, artiste plasticien, Tania L\" class=\"wp-image-2467 size-full\" srcset=\"https:\/\/tanial.art\/wp-content\/uploads\/2025\/04\/grenier.jpg 790w, https:\/\/tanial.art\/wp-content\/uploads\/2025\/04\/grenier-300x193.jpg 300w, https:\/\/tanial.art\/wp-content\/uploads\/2025\/04\/grenier-768x494.jpg 768w\" sizes=\"(max-width: 790px) 100vw, 790px\" \/><\/a><\/figure><div class=\"wp-block-media-text__content\">\n<p class=\"has-black-color has-text-color\">Cette s\u00e9rie explore la m\u00e9moire visuelle \u00e0 travers des \u0153uvres anciennes, ab\u00eem\u00e9es, comme exhum\u00e9es d&rsquo;un grenier symbolique. D\u00e9chir\u00e9es, incompl\u00e8tes, elles sont r\u00e9activ\u00e9es par l&rsquo;ajout d&rsquo;\u00e9l\u00e9ments color\u00e9s et contemporains. Le pass\u00e9 et le pr\u00e9sent s&rsquo;y confrontent, cr\u00e9ant un dialogue entre fragilit\u00e9 historique et \u00e9nergie actuelle. Chaque pi\u00e8ce devient un palimpseste vibrant, o\u00f9 l&rsquo;on questionne ce que signifie h\u00e9riter, transformer et transmettre.<\/p>\n<\/div><\/div>\n\n\n\n<figure class=\"wp-block-image size-full is-resized\"><img loading=\"lazy\" src=\"https:\/\/tanial.art\/wp-content\/uploads\/2021\/09\/blanc-1.jpg\" alt=\"\" class=\"wp-image-2108\" width=\"57\" height=\"125\"\/><\/figure>\n\n\n\n<p class=\"has-large-font-size\">  <\/p>\n\n\n\n<p class=\"has-black-color has-text-color has-huge-font-size\">PROJET : RETOUR AUX SOURCES (les \u0153uvres con\u00e7ues pour l&rsquo;exposition aux Fonds Culturels de l&rsquo;Ermitage) <a href=\"https:\/\/tanial.art\/?page_id=2597\"><img loading=\"lazy\" width=\"29\" height=\"32\" class=\"wp-image-2446\" style=\"width: 29px;\" src=\"https:\/\/tanial.art\/wp-content\/uploads\/2025\/04\/fleche_tania-luchinkina.jpg\" alt=\"\"><\/a>  <\/p>\n\n\n\n<div class=\"wp-block-media-text alignwide is-stacked-on-mobile\" style=\"grid-template-columns:68% auto\"><figure class=\"wp-block-media-text__media\"><a href=\"https:\/\/tanial.art\/?page_id=2597\"><img loading=\"lazy\" width=\"800\" height=\"347\" src=\"https:\/\/tanial.art\/wp-content\/uploads\/2025\/05\/evanescence-du-voyage-H30-x-L-variable.jpg\" alt=\"\" class=\"wp-image-2590 size-full\" srcset=\"https:\/\/tanial.art\/wp-content\/uploads\/2025\/05\/evanescence-du-voyage-H30-x-L-variable.jpg 800w, https:\/\/tanial.art\/wp-content\/uploads\/2025\/05\/evanescence-du-voyage-H30-x-L-variable-300x130.jpg 300w, https:\/\/tanial.art\/wp-content\/uploads\/2025\/05\/evanescence-du-voyage-H30-x-L-variable-768x333.jpg 768w\" sizes=\"(max-width: 800px) 100vw, 800px\" \/><\/a><\/figure><div class=\"wp-block-media-text__content\">\n<p class=\"has-black-color has-text-color\"><\/p>\n\n\n\n<p class=\"has-black-color has-text-color\">Intitul\u00e9e Retour aux sources, cette s\u00e9rie ne se contente pas de reproduire ces paysages, mais les transforme en territoires mentaux et m\u00e9moriels, o\u00f9 se m\u00ealent \u00e9motions et r\u00e9miniscences.  <\/p>\n\n\n\n<p class=\"has-black-color has-text-color\">Les paysages, baign\u00e9s d\u2019une lumi\u00e8re et de teintes \u00e9voquant un temps suspendu, semblent \u00e9merger \u00e0 travers le voile de la m\u00e9moire. Ils deviennent des refuges int\u00e9rieurs, des lieux de retour et de r\u00e9paration, o\u00f9 l\u2019artiste questionne notre rapport aux origines, \u00e0 la beaut\u00e9 et \u00e0 ce qui nous semble perdu.<\/p>\n\n\n\n<p><\/p>\n<\/div><\/div>\n\n\n\n<p class=\"has-huge-font-size\"> <\/p>\n\n\n\n<figure class=\"wp-block-image size-full is-resized\"><img loading=\"lazy\" src=\"https:\/\/tanial.art\/wp-content\/uploads\/2021\/09\/blanc-1.jpg\" alt=\"\" class=\"wp-image-2108\" width=\"57\" height=\"125\"\/><\/figure>\n\n\n\n<p class=\"has-black-color has-text-color has-huge-font-size\">DESSINS <a href=\"https:\/\/tanial.art\/?page_id=2739\"><img loading=\"lazy\" width=\"29\" height=\"32\" class=\"wp-image-2446\" style=\"width: 29px;\" src=\"https:\/\/tanial.art\/wp-content\/uploads\/2025\/04\/fleche_tania-luchinkina.jpg\" alt=\"\"><\/a>  <\/p>\n\n\n\n<div class=\"wp-block-media-text alignwide is-stacked-on-mobile\" style=\"grid-template-columns:85% auto\"><figure class=\"wp-block-media-text__media\"><a href=\"https:\/\/tanial.art\/?page_id=2537\"><img loading=\"lazy\" width=\"1024\" height=\"824\" src=\"https:\/\/tanial.art\/wp-content\/uploads\/2021\/11\/tete_antique-1024x824.jpg\" alt=\"artiste Tania Luchinkina, TaniaL\" class=\"wp-image-2232 size-full\" srcset=\"https:\/\/tanial.art\/wp-content\/uploads\/2021\/11\/tete_antique-1024x824.jpg 1024w, https:\/\/tanial.art\/wp-content\/uploads\/2021\/11\/tete_antique-300x242.jpg 300w, https:\/\/tanial.art\/wp-content\/uploads\/2021\/11\/tete_antique-768x618.jpg 768w, https:\/\/tanial.art\/wp-content\/uploads\/2021\/11\/tete_antique-1536x1237.jpg 1536w, https:\/\/tanial.art\/wp-content\/uploads\/2021\/11\/tete_antique.jpg 1786w\" sizes=\"(max-width: 1024px) 100vw, 1024px\" \/><\/a><\/figure><div class=\"wp-block-media-text__content\">\n<p class=\"has-large-font-size\"><\/p>\n<\/div><\/div>\n\n\n\n<figure class=\"wp-block-image size-full is-resized\"><img loading=\"lazy\" src=\"https:\/\/tanial.art\/wp-content\/uploads\/2021\/09\/blanc-1.jpg\" alt=\"\" class=\"wp-image-2108\" width=\"57\" height=\"125\"\/><\/figure>\n\n\n\n<p class=\"has-black-color has-text-color has-huge-font-size\">PROJET : LES REGARDS DU PASS\u00c9 <a href=\"https:\/\/tanial.art\/?page_id=2458\"><img loading=\"lazy\" width=\"29\" height=\"32\" class=\"wp-image-2446\" style=\"width: 29px;\" src=\"https:\/\/tanial.art\/wp-content\/uploads\/2025\/04\/fleche_tania-luchinkina.jpg\" alt=\"\"><\/a> <\/p>\n\n\n\n<div class=\"wp-block-media-text alignwide is-stacked-on-mobile\" style=\"grid-template-columns:60% auto\"><figure class=\"wp-block-media-text__media\"><a href=\"https:\/\/tanial.art\/?page_id=2458\"><img loading=\"lazy\" width=\"1024\" height=\"713\" src=\"https:\/\/tanial.art\/wp-content\/uploads\/2022\/09\/tania6-1024x713.jpg\" alt=\"tania Luchinkina\" class=\"wp-image-2352 size-full\" srcset=\"https:\/\/tanial.art\/wp-content\/uploads\/2022\/09\/tania6-1024x713.jpg 1024w, https:\/\/tanial.art\/wp-content\/uploads\/2022\/09\/tania6-300x209.jpg 300w, https:\/\/tanial.art\/wp-content\/uploads\/2022\/09\/tania6-768x534.jpg 768w, https:\/\/tanial.art\/wp-content\/uploads\/2022\/09\/tania6-1536x1069.jpg 1536w, https:\/\/tanial.art\/wp-content\/uploads\/2022\/09\/tania6.jpg 1802w\" sizes=\"(max-width: 1024px) 100vw, 1024px\" \/><\/a><\/figure><div class=\"wp-block-media-text__content\">\n<p class=\"has-black-color has-text-color\">Portraits du pass\u00e9, visages de femmes, fragments de destins qui ont travers\u00e9 cataclysmes, guerres et souffrances int\u00e9rieures.<\/p>\n\n\n\n<p class=\"has-black-color has-text-color\">Les femmes, dont les destins sont souvent inconnus, nous fixent du lointain de leur pass\u00e9.<\/p>\n\n\n\n<p class=\"has-black-color has-text-color\">Leur regard est attentif, concentr\u00e9, braqu\u00e9 droit dans le v\u00f4tre. Elles semblent r\u00e9aliser qu\u2019il n\u2019y a rien de plus pr\u00e9cieux que la vie humaine.<\/p>\n\n\n\n<p class=\"has-black-color has-text-color\">Scrutant leurs yeux, on y voit une sorte de reproche, un appel d\u2019o\u00f9 germent tristesse et inqui\u00e9tude pour ce monde fou o\u00f9 les gens s\u2019entretuent.<\/p>\n<\/div><\/div>\n\n\n\n<figure class=\"wp-block-image size-full is-resized\"><img loading=\"lazy\" src=\"https:\/\/tanial.art\/wp-content\/uploads\/2021\/09\/blanc-1.jpg\" alt=\"\" class=\"wp-image-2108\" width=\"57\" height=\"125\"\/><\/figure>\n\n\n\n<p class=\"has-black-color has-text-color has-huge-font-size\">PROJET : LES SOURIANTS <a href=\"https:\/\/tanial.art\/?page_id=2493\"><img loading=\"lazy\" width=\"29\" height=\"32\" class=\"wp-image-2446\" style=\"width: 29px;\" src=\"https:\/\/tanial.art\/wp-content\/uploads\/2025\/04\/fleche_tania-luchinkina.jpg\" alt=\"\"><\/a>  <\/p>\n\n\n\n<div class=\"wp-block-media-text alignwide is-stacked-on-mobile\" style=\"grid-template-columns:47% auto\"><figure class=\"wp-block-media-text__media\"><a href=\"https:\/\/tanial.art\/?page_id=2493\"><img loading=\"lazy\" width=\"1024\" height=\"953\" src=\"https:\/\/tanial.art\/wp-content\/uploads\/2022\/05\/souriente-1024x953.jpg\" alt=\"artiste Tania Luchinkina\" class=\"wp-image-2316 size-full\" srcset=\"https:\/\/tanial.art\/wp-content\/uploads\/2022\/05\/souriente-1024x953.jpg 1024w, https:\/\/tanial.art\/wp-content\/uploads\/2022\/05\/souriente-300x279.jpg 300w, https:\/\/tanial.art\/wp-content\/uploads\/2022\/05\/souriente-768x715.jpg 768w, https:\/\/tanial.art\/wp-content\/uploads\/2022\/05\/souriente-1536x1429.jpg 1536w, https:\/\/tanial.art\/wp-content\/uploads\/2022\/05\/souriente-2048x1906.jpg 2048w\" sizes=\"(max-width: 1024px) 100vw, 1024px\" \/><\/a><\/figure><div class=\"wp-block-media-text__content\">\n<p class=\"has-black-color has-text-color\">Cette s\u00e9rie revisite des portraits anciens en y introduisant un sourire, souvent absent de l&rsquo;iconographie classique. Ce geste simple devient un acte de r\u00e9humanisation : il interroge les codes de la repr\u00e9sentation historique et r\u00e9veille, sous la gravit\u00e9 des visages fig\u00e9s, une \u00e9motion universelle.<\/p>\n\n\n\n<p class=\"has-black-color has-text-color\"><em>\u00ab\u00a0Souriants\u00a0\u00bb<\/em> propose un glissement subtil : de l&rsquo;image fig\u00e9e \u00e0 l&rsquo;\u00e9cho d&rsquo;un instant vivant, d&rsquo;un pass\u00e9 solennel \u00e0 une pr\u00e9sence plus intime, presque complice. <em>\u00ab&nbsp;Souriants&nbsp;\u00bb<\/em> est une exploration sensible, presque fictionnelle, de ce que ces visages pouvaient \u00eatre en dehors de la pose : vivants, \u00e9mus, peut-\u00eatre heureux.<\/p>\n<\/div><\/div>\n\n\n\n<figure class=\"wp-block-image size-full is-resized\"><img loading=\"lazy\" src=\"https:\/\/tanial.art\/wp-content\/uploads\/2021\/09\/blanc-1.jpg\" alt=\"\" class=\"wp-image-2108\" width=\"57\" height=\"125\"\/><\/figure>\n\n\n\n<p class=\"has-black-color has-text-color has-huge-font-size\">PROJET : LUCR\u00c8CE <a href=\"https:\/\/tanial.art\/?page_id=2537\"><img loading=\"lazy\" width=\"29\" height=\"32\" class=\"wp-image-2446\" style=\"width: 29px;\" src=\"https:\/\/tanial.art\/wp-content\/uploads\/2025\/04\/fleche_tania-luchinkina.jpg\" alt=\"\"><\/a>  <\/p>\n\n\n\n<div class=\"wp-block-media-text alignwide is-stacked-on-mobile\" style=\"grid-template-columns:34% auto\"><figure class=\"wp-block-media-text__media\"><a href=\"https:\/\/tanial.art\/?page_id=2537\"><img loading=\"lazy\" width=\"550\" height=\"1024\" src=\"https:\/\/tanial.art\/wp-content\/uploads\/2025\/05\/lucrece1-550x1024.jpg\" alt=\"artiste Tania Luchinkina (TaniaL) Tania Luchinkina artiste, beaux-arts, art contemporain, artiste plasticien, Tania L\" class=\"wp-image-2565 size-full\" srcset=\"https:\/\/tanial.art\/wp-content\/uploads\/2025\/05\/lucrece1-550x1024.jpg 550w, https:\/\/tanial.art\/wp-content\/uploads\/2025\/05\/lucrece1-161x300.jpg 161w, https:\/\/tanial.art\/wp-content\/uploads\/2025\/05\/lucrece1-768x1430.jpg 768w, https:\/\/tanial.art\/wp-content\/uploads\/2025\/05\/lucrece1-825x1536.jpg 825w, https:\/\/tanial.art\/wp-content\/uploads\/2025\/05\/lucrece1-1100x2048.jpg 1100w, https:\/\/tanial.art\/wp-content\/uploads\/2025\/05\/lucrece1-scaled.jpg 1375w\" sizes=\"(max-width: 550px) 100vw, 550px\" \/><\/a><\/figure><div class=\"wp-block-media-text__content\">\n<p class=\"has-black-color has-text-color\">Cette s\u00e9rie s&rsquo;inspire des repr\u00e9sentations de <em>Lucr\u00e8ce<\/em> par Lucas Cranach, tout en d\u00e9tournant les codes esth\u00e9tiques. \u00c0 travers ces \u0153uvres, j&rsquo;interroge la figuration de la violence, du silence et de la contrainte dignit\u00e9.<\/p>\n\n\n\n<p class=\"has-black-color has-text-color\">Les supports sont <strong>courb\u00e9s, d\u00e9chir\u00e9s, bless\u00e9s<\/strong> : la mati\u00e8re elle &#8211; m\u00eame devient m\u00e9moire d\u2019un corps en tension. Le <strong>sang blanc, en volume<\/strong>, remplace le rouge spectaculaire \u2013 non pas pour att\u00e9nuer la douleur, mais pour la faire affleurer autrement, dans un registre plus int\u00e9rieur, presque effac\u00e9.<\/p>\n\n\n\n<p class=\"has-black-color has-text-color\">En r\u00e9interpr\u00e9tant les images anciennes, <em>Lucr\u00e8ce<\/em> ne montre pas la mort mais ce qu&rsquo;elle laisse : un espace vide, tendu, o\u00f9 la fragilit\u00e9 devient forme. C&rsquo;est une tentative de rendre visible une \u00e9motion contenue, une m\u00e9moire sensible du geste irr\u00e9versible<\/p>\n\n\n\n<p class=\"has-black-color has-text-color\">Inspir\u00e9e par la figure tragique de Lucr\u00e8ce, symbole de l&rsquo;injustice faite aux femmes et de leur parole souvent confisqu\u00e9e, cette s\u00e9rie propose une r\u00e9flexion sur la trace \u2013 ce qui reste quand tout a disparu. Le geste artistique devient ici un acte de m\u00e9moire, pudique mais affirm\u00e9, o\u00f9 la violence passe par l&rsquo;absence de cri.<\/p>\n<\/div><\/div>\n\n\n\n<p class=\"has-black-color has-text-color has-huge-font-size\">   <\/p>\n","protected":false},"excerpt":{"rendered":"<p>Mon travail s&rsquo;inscrit dans un dialogue profond avec l&rsquo;h\u00e9ritage artistique du pass\u00e9. J&rsquo;explore les codes esth\u00e9tiques, les mani\u00e8res de peindre, les th\u00e8mes et les visions du monde propres \u00e0 d&rsquo;autres \u00e9poques, non pas pour les reproduire, mais pour en sonder la persistance dans notre regard contemporain. Au centre de mon projet r\u00e9side l&rsquo;id\u00e9e d&rsquo;une red\u00e9couverte [&hellip;]<\/p>\n","protected":false},"author":1,"featured_media":0,"parent":0,"menu_order":0,"comment_status":"closed","ping_status":"closed","template":"","meta":[],"yoast_head":"<!-- This site is optimized with the Yoast SEO plugin v19.4 - https:\/\/yoast.com\/wordpress\/plugins\/seo\/ -->\n<title>Tania Luchinkina&#039;s work -<\/title>\n<meta name=\"robots\" content=\"index, follow, max-snippet:-1, max-image-preview:large, max-video-preview:-1\" \/>\n<link rel=\"canonical\" href=\"https:\/\/tanial.art\/\" \/>\n<meta property=\"og:locale\" content=\"fr_FR\" \/>\n<meta property=\"og:type\" content=\"article\" \/>\n<meta property=\"og:title\" content=\"Tania Luchinkina&#039;s work -\" \/>\n<meta property=\"og:description\" content=\"Mon travail s&rsquo;inscrit dans un dialogue profond avec l&rsquo;h\u00e9ritage artistique du pass\u00e9. J&rsquo;explore les codes esth\u00e9tiques, les mani\u00e8res de peindre, les th\u00e8mes et les visions du monde propres \u00e0 d&rsquo;autres \u00e9poques, non pas pour les reproduire, mais pour en sonder la persistance dans notre regard contemporain. Au centre de mon projet r\u00e9side l&rsquo;id\u00e9e d&rsquo;une red\u00e9couverte [&hellip;]\" \/>\n<meta property=\"og:url\" content=\"https:\/\/tanial.art\/\" \/>\n<meta property=\"article:modified_time\" content=\"2025-05-18T07:44:06+00:00\" \/>\n<meta property=\"og:image\" content=\"https:\/\/tanial.art\/wp-content\/uploads\/2021\/09\/blanc-1.jpg\" \/>\n<meta name=\"twitter:card\" content=\"summary_large_image\" \/>\n<meta name=\"twitter:label1\" content=\"Dur\u00e9e de lecture estim\u00e9e\" \/>\n\t<meta name=\"twitter:data1\" content=\"13 minutes\" \/>\n<script type=\"application\/ld+json\" class=\"yoast-schema-graph\">{\"@context\":\"https:\/\/schema.org\",\"@graph\":[{\"@type\":\"WebSite\",\"@id\":\"https:\/\/tanial.art\/#website\",\"url\":\"https:\/\/tanial.art\/\",\"name\":\"\",\"description\":\"\",\"potentialAction\":[{\"@type\":\"SearchAction\",\"target\":{\"@type\":\"EntryPoint\",\"urlTemplate\":\"https:\/\/tanial.art\/?s={search_term_string}\"},\"query-input\":\"required name=search_term_string\"}],\"inLanguage\":\"fr-FR\"},{\"@type\":\"WebPage\",\"@id\":\"https:\/\/tanial.art\/\",\"url\":\"https:\/\/tanial.art\/\",\"name\":\"Tania Luchinkina's work -\",\"isPartOf\":{\"@id\":\"https:\/\/tanial.art\/#website\"},\"datePublished\":\"2025-04-30T15:43:05+00:00\",\"dateModified\":\"2025-05-18T07:44:06+00:00\",\"breadcrumb\":{\"@id\":\"https:\/\/tanial.art\/#breadcrumb\"},\"inLanguage\":\"fr-FR\",\"potentialAction\":[{\"@type\":\"ReadAction\",\"target\":[\"https:\/\/tanial.art\/\"]}]},{\"@type\":\"BreadcrumbList\",\"@id\":\"https:\/\/tanial.art\/#breadcrumb\",\"itemListElement\":[{\"@type\":\"ListItem\",\"position\":1,\"name\":\"Accueil\",\"item\":\"https:\/\/tanial.art\/\"},{\"@type\":\"ListItem\",\"position\":2,\"name\":\"Tania Luchinkina&rsquo;s work\"}]}]}<\/script>\n<!-- \/ Yoast SEO plugin. -->","yoast_head_json":{"title":"Tania Luchinkina's work -","robots":{"index":"index","follow":"follow","max-snippet":"max-snippet:-1","max-image-preview":"max-image-preview:large","max-video-preview":"max-video-preview:-1"},"canonical":"https:\/\/tanial.art\/","og_locale":"fr_FR","og_type":"article","og_title":"Tania Luchinkina's work -","og_description":"Mon travail s&rsquo;inscrit dans un dialogue profond avec l&rsquo;h\u00e9ritage artistique du pass\u00e9. J&rsquo;explore les codes esth\u00e9tiques, les mani\u00e8res de peindre, les th\u00e8mes et les visions du monde propres \u00e0 d&rsquo;autres \u00e9poques, non pas pour les reproduire, mais pour en sonder la persistance dans notre regard contemporain. Au centre de mon projet r\u00e9side l&rsquo;id\u00e9e d&rsquo;une red\u00e9couverte [&hellip;]","og_url":"https:\/\/tanial.art\/","article_modified_time":"2025-05-18T07:44:06+00:00","og_image":[{"url":"https:\/\/tanial.art\/wp-content\/uploads\/2021\/09\/blanc-1.jpg"}],"twitter_card":"summary_large_image","twitter_misc":{"Dur\u00e9e de lecture estim\u00e9e":"13 minutes"},"schema":{"@context":"https:\/\/schema.org","@graph":[{"@type":"WebSite","@id":"https:\/\/tanial.art\/#website","url":"https:\/\/tanial.art\/","name":"","description":"","potentialAction":[{"@type":"SearchAction","target":{"@type":"EntryPoint","urlTemplate":"https:\/\/tanial.art\/?s={search_term_string}"},"query-input":"required name=search_term_string"}],"inLanguage":"fr-FR"},{"@type":"WebPage","@id":"https:\/\/tanial.art\/","url":"https:\/\/tanial.art\/","name":"Tania Luchinkina's work -","isPartOf":{"@id":"https:\/\/tanial.art\/#website"},"datePublished":"2025-04-30T15:43:05+00:00","dateModified":"2025-05-18T07:44:06+00:00","breadcrumb":{"@id":"https:\/\/tanial.art\/#breadcrumb"},"inLanguage":"fr-FR","potentialAction":[{"@type":"ReadAction","target":["https:\/\/tanial.art\/"]}]},{"@type":"BreadcrumbList","@id":"https:\/\/tanial.art\/#breadcrumb","itemListElement":[{"@type":"ListItem","position":1,"name":"Accueil","item":"https:\/\/tanial.art\/"},{"@type":"ListItem","position":2,"name":"Tania Luchinkina&rsquo;s work"}]}]}},"_links":{"self":[{"href":"https:\/\/tanial.art\/index.php?rest_route=\/wp\/v2\/pages\/2433"}],"collection":[{"href":"https:\/\/tanial.art\/index.php?rest_route=\/wp\/v2\/pages"}],"about":[{"href":"https:\/\/tanial.art\/index.php?rest_route=\/wp\/v2\/types\/page"}],"author":[{"embeddable":true,"href":"https:\/\/tanial.art\/index.php?rest_route=\/wp\/v2\/users\/1"}],"replies":[{"embeddable":true,"href":"https:\/\/tanial.art\/index.php?rest_route=%2Fwp%2Fv2%2Fcomments&post=2433"}],"version-history":[{"count":81,"href":"https:\/\/tanial.art\/index.php?rest_route=\/wp\/v2\/pages\/2433\/revisions"}],"predecessor-version":[{"id":2752,"href":"https:\/\/tanial.art\/index.php?rest_route=\/wp\/v2\/pages\/2433\/revisions\/2752"}],"wp:attachment":[{"href":"https:\/\/tanial.art\/index.php?rest_route=%2Fwp%2Fv2%2Fmedia&parent=2433"}],"curies":[{"name":"wp","href":"https:\/\/api.w.org\/{rel}","templated":true}]}}